{"id":37511,"date":"2025-02-19T11:04:08","date_gmt":"2025-02-19T16:04:08","guid":{"rendered":"https:\/\/www.ccc.ca\/?page_id=37511"},"modified":"2025-02-27T09:02:56","modified_gmt":"2025-02-27T14:02:56","slug":"assemblee-publique-annuelle-2023-2024","status":"publish","type":"page","link":"https:\/\/www.ccc.ca\/fr\/a-propos\/transparence-et-divulgation\/assemblee-publique-annuelle-2023-2024\/","title":{"rendered":"Assembl\u00e9e publique annuelle 2023\/2024"},"content":{"rendered":"\t\t<div data-elementor-type=\"wp-page\" data-elementor-id=\"37511\" class=\"elementor elementor-37511 elementor-37463\" data-elementor-post-type=\"page\">\n\t\t\t\t\t\t<section class=\"elementor-section elementor-top-section elementor-element elementor-element-2915331 elementor-section-boxed elementor-section-height-default elementor-section-height-default\" data-id=\"2915331\" data-element_type=\"section\" data-e-type=\"section\">\n\t\t\t\t\t\t<div class=\"elementor-container elementor-column-gap-default\">\n\t\t\t\t\t<div class=\"elementor-column elementor-col-50 elementor-top-column elementor-element elementor-element-b389354\" data-id=\"b389354\" data-element_type=\"column\" data-e-type=\"column\">\n\t\t\t<div class=\"elementor-widget-wrap elementor-element-populated\">\n\t\t\t\t\t\t<div class=\"elementor-element elementor-element-172f291 elementor-widget elementor-widget-text-editor\" data-id=\"172f291\" data-element_type=\"widget\" data-e-type=\"widget\" data-widget_type=\"text-editor.default\">\n\t\t\t\t<div class=\"elementor-widget-container\">\n\t\t\t\t\t\t\t\t\t<p>L&rsquo;assembl\u00e9e publique annuelle de la CCC est enti\u00e8rement virtuelle. Cette ann\u00e9e, l&rsquo;assembl\u00e9e propose des pr\u00e9sentations vid\u00e9o du pr\u00e9sident et chef de la direction, Bobby Kwon, du pr\u00e9sident du conseil d&rsquo;administration, Douglas Harrison, et de Diane Montambault, vice-pr\u00e9sidente des op\u00e9rations de gestion des contrats, qui reviennent sur une ann\u00e9e record \u00e0 la Corporation commerciale canadienne.<\/p><p>Veuillez adresser vos questions sur le contenu pr\u00e9sent\u00e9 lors de l&rsquo;assembl\u00e9e publique annuelle \u00e0 <a href=\"mailto:communications@ccc.ca\">communications@ccc.ca<\/a>.<\/p>\t\t\t\t\t\t\t\t<\/div>\n\t\t\t\t<\/div>\n\t\t\t\t<div class=\"elementor-element elementor-element-d9b954f elementor-widget elementor-widget-heading\" data-id=\"d9b954f\" data-element_type=\"widget\" data-e-type=\"widget\" data-widget_type=\"heading.default\">\n\t\t\t\t<div class=\"elementor-widget-container\">\n\t\t\t\t\t<h2 class=\"elementor-heading-title elementor-size-default\">Transcription<\/h2>\t\t\t\t<\/div>\n\t\t\t\t<\/div>\n\t\t\t\t<div class=\"elementor-element elementor-element-20f76fd elementor-widget elementor-widget-toggle\" data-id=\"20f76fd\" data-element_type=\"widget\" data-e-type=\"widget\" data-widget_type=\"toggle.default\">\n\t\t\t\t<div class=\"elementor-widget-container\">\n\t\t\t\t\t\t\t<div class=\"elementor-toggle\">\n\t\t\t\t\t\t\t<div class=\"elementor-toggle-item\">\n\t\t\t\t\t<div id=\"elementor-tab-title-3451\" class=\"elementor-tab-title\" data-tab=\"1\" role=\"button\" aria-controls=\"elementor-tab-content-3451\" aria-expanded=\"false\">\n\t\t\t\t\t\t\t\t\t\t\t\t<span class=\"elementor-toggle-icon elementor-toggle-icon-left\" aria-hidden=\"true\">\n\t\t\t\t\t\t\t\t\t\t\t\t\t\t\t<span class=\"elementor-toggle-icon-closed\"><svg class=\"e-font-icon-svg e-fas-caret-right\" viewBox=\"0 0 192 512\" xmlns=\"http:\/\/www.w3.org\/2000\/svg\"><path d=\"M0 384.662V127.338c0-17.818 21.543-26.741 34.142-14.142l128.662 128.662c7.81 7.81 7.81 20.474 0 28.284L34.142 398.804C21.543 411.404 0 402.48 0 384.662z\"><\/path><\/svg><\/span>\n\t\t\t\t\t\t\t\t<span class=\"elementor-toggle-icon-opened\"><svg class=\"elementor-toggle-icon-opened e-font-icon-svg e-fas-caret-up\" viewBox=\"0 0 320 512\" xmlns=\"http:\/\/www.w3.org\/2000\/svg\"><path d=\"M288.662 352H31.338c-17.818 0-26.741-21.543-14.142-34.142l128.662-128.662c7.81-7.81 20.474-7.81 28.284 0l128.662 128.662c12.6 12.599 3.676 34.142-14.142 34.142z\"><\/path><\/svg><\/span>\n\t\t\t\t\t\t\t\t\t\t\t\t\t<\/span>\n\t\t\t\t\t\t\t\t\t\t\t\t<a class=\"elementor-toggle-title\" tabindex=\"0\">Bobby\u202fKwon, pr\u00e9sident et chef de la direction de la CCC<\/a>\n\t\t\t\t\t<\/div>\n\n\t\t\t\t\t<div id=\"elementor-tab-content-3451\" class=\"elementor-tab-content elementor-clearfix\" data-tab=\"1\" role=\"region\" aria-labelledby=\"elementor-tab-title-3451\"><p><span data-contrast=\"none\">Merci de nous rejoindre aujourd\u2019hui.<\/span><span data-ccp-props=\"{&quot;201341983&quot;:0,&quot;335557856&quot;:16777215,&quot;335559739&quot;:0,&quot;335559740&quot;:240}\">\u00a0<\/span><\/p><p><span data-contrast=\"none\">Je m\u2019appelle Bobby\u202fKwon et je suis heureux d\u2019occuper le poste de pr\u00e9sident et chef de la direction de la CCC.\u00a0<\/span><span data-ccp-props=\"{&quot;201341983&quot;:0,&quot;335557856&quot;:16777215,&quot;335559739&quot;:0,&quot;335559740&quot;:240}\">\u00a0<\/span><\/p><p><span data-contrast=\"none\">La CCC a connu une autre ann\u00e9e record pour les Canadiens en\u202f2023-2024, gr\u00e2ce \u00e0 une vision d\u2019entreprise strat\u00e9gique claire et de solides relations avec les exportateurs canadiens. <\/span><span data-ccp-props=\"{&quot;201341983&quot;:0,&quot;335557856&quot;:16777215,&quot;335559739&quot;:0,&quot;335559740&quot;:240}\">\u00a0<\/span><\/p><p><span data-contrast=\"none\">Tout au long de l\u2019ann\u00e9e, nous avons continu\u00e9 \u00e0 prendre des mesures d\u00e9cisives pour atteindre les objectifs d\u00e9finis dans notre plan d\u2019entreprise \u00e0 long terme.\u00a0<\/span><span data-ccp-props=\"{&quot;201341983&quot;:0,&quot;335557856&quot;:16777215,&quot;335559739&quot;:0,&quot;335559740&quot;:240}\">\u00a0<\/span><\/p><p><span data-contrast=\"auto\">La Corporation facilite les exportations de divers secteurs afin d\u2019offrir des avantages \u00e9conomiques aux entreprises canadiennes et \u00e0 leurs employ\u00e9s, tant par les ventes internationales que par la cr\u00e9ation et le maintien d\u2019emplois au Canada.\u00a0<\/span><span data-ccp-props=\"{&quot;201341983&quot;:0,&quot;335559739&quot;:0,&quot;335559740&quot;:240}\">\u00a0<\/span><\/p><p><span data-contrast=\"auto\">En\u202f2023-2024, la CCC a sign\u00e9 3,2\u202fmilliards de dollars de nouveaux contrats d\u2019exportation de gouvernement \u00e0 gouvernement (G\u00c0G)<\/span><span data-contrast=\"none\">, soit une augmentation de 40\u202f% par rapport \u00e0 l\u2019ann\u00e9e pr\u00e9c\u00e9dente.<\/span><span data-ccp-props=\"{&quot;201341983&quot;:0,&quot;335559739&quot;:0,&quot;335559740&quot;:240}\">\u00a0<\/span><\/p><p><span data-contrast=\"auto\">La CCC a \u00e9t\u00e9 active dans 62\u202fpays \u00e0 travers le monde et nous avons soutenu les exportations de biens et de services \u00e9valu\u00e9es \u00e0 3,6\u202fmilliards de dollars.\u00a0<\/span><span data-ccp-props=\"{&quot;201341983&quot;:0,&quot;335559739&quot;:0,&quot;335559740&quot;:240}\">\u00a0<\/span><\/p><p><span data-contrast=\"auto\">Nos efforts<\/span> <span data-contrast=\"auto\">ont soutenu 559\u202fentreprises canadiennes et ont contribu\u00e9 \u00e0 la cr\u00e9ation ou au maintien de pr\u00e8s de 15\u202f000\u202femplois au Canada.\u00a0<\/span><\/p><p><span data-contrast=\"none\">Ces contrats ont \u00e9t\u00e9 sign\u00e9s dans nos trois\u202fsecteurs d\u2019activit\u00e9\u202f: l\u2019Accord de partage de la production de d\u00e9fense (APPD) entre le Canada et les \u00c9tats-Unis, le service de ma\u00eetre d\u2019\u0153uvre international et l\u2019approvisionnement.<\/span><span data-ccp-props=\"{&quot;201341983&quot;:0,&quot;335559739&quot;:0,&quot;335559740&quot;:240}\">\u00a0<\/span><\/p><p><span data-contrast=\"auto\">En tant qu\u2019administrateur de l\u2019APPD, la CCC aide les entreprises canadiennes \u00e0 acc\u00e9der aux occasions de vente au D\u00e9partement de la d\u00e9fense des \u00c9tats-Unis.\u00a0<\/span><span data-ccp-props=\"{&quot;201341983&quot;:0,&quot;335559739&quot;:0,&quot;335559740&quot;:240}\">\u00a0<\/span><\/p><p><span data-contrast=\"none\">Cet accord bilat\u00e9ral sur le commerce de d\u00e9fense entre le Canada et les \u00c9tats-Unis \u00e9tablit officiellement le Canada comme faisant partie de la base d\u2019approvisionnement militaire nationale des \u00c9tats-Unis. Cela permet aux exportateurs canadiens de vendre des biens et des services <\/span><span data-contrast=\"auto\">au D\u00e9partement de la d\u00e9fense des \u00c9tats-Unis <\/span><span data-contrast=\"none\">sur un pied d\u2019\u00e9galit\u00e9 avec leurs concurrents bas\u00e9s aux \u00c9tats-Unis.\u00a0<\/span><span data-ccp-props=\"{&quot;201341983&quot;:0,&quot;335559739&quot;:0,&quot;335559740&quot;:240}\">\u00a0<\/span><\/p><p><span data-contrast=\"auto\">En\u202f2023-2024, notre activit\u00e9 de l\u2019APPD a augment\u00e9 pour atteindre 1,1\u202fmilliard de dollars de nouveaux contrats d\u2019exportation pour les exportateurs canadiens, contre 885\u202fmillions de dollars l\u2019ann\u00e9e pr\u00e9c\u00e9dente.\u00a0<\/span><span data-ccp-props=\"{&quot;201341983&quot;:0,&quot;335559739&quot;:0,&quot;335559740&quot;:240}\">\u00a0<\/span><\/p><p><span data-contrast=\"auto\">Nous attribuons ce volume aux efforts de la CCC pour renforcer la collaboration avec les exportateurs canadiens, pour accro\u00eetre la sensibilisation \u00e0 l\u2019APPD au sein du D\u00e9partement de la d\u00e9fense des \u00c9tats-Unis et pour stimuler des domaines nouveaux et diversifi\u00e9s d\u2019approvisionnement canadien afin de r\u00e9pondre aux besoins du D\u00e9partement de la d\u00e9fense des \u00c9tats-Unis aujourd\u2019hui et \u00e0 l\u2019avenir.\u00a0<\/span><span data-ccp-props=\"{&quot;201341983&quot;:0,&quot;335559739&quot;:0,&quot;335559740&quot;:240}\">\u00a0<\/span><\/p><p><span data-contrast=\"none\">Le soutien de la CCC \u00e0 l\u2019APPD constitue un \u00e9l\u00e9ment cl\u00e9 du commerce de d\u00e9fense entre le Canada et les \u00c9tats-Unis depuis\u202f1956. Il appuie une base industrielle de d\u00e9fense nordam\u00e9ricaine solide, efficace, hautement int\u00e9gr\u00e9e et r\u00e9siliente, qui sert les int\u00e9r\u00eats \u00e9conomiques et strat\u00e9giques des deux\u202fpays.\u00a0<\/span><span data-ccp-props=\"{&quot;201341983&quot;:0,&quot;335559739&quot;:0,&quot;335559740&quot;:240}\">\u00a0<\/span><\/p><p><span data-contrast=\"none\">Outre les biens militaires, l\u2019arm\u00e9e am\u00e9ricaine ach\u00e8te chaque ann\u00e9e des volumes consid\u00e9rables de denr\u00e9es alimentaires, d\u2019\u00e9quipements m\u00e9dicaux et de mat\u00e9riel de construction. La CCC travaille avec des entreprises canadiennes, notamment des petites et moyennes entreprises, pour r\u00e9pondre \u00e0 ces besoins, qui peuvent aller des syst\u00e8mes de navigation et nautiques, aux vols de passagers affr\u00e9t\u00e9s, aux instruments chirurgicaux et m\u00eame \u00e0 l\u2019\u00e9quipement de d\u00e9neigement. Ma coll\u00e8gue Diane vous donnera des exemples de certains de ces contrats ult\u00e9rieurement.<\/span><span data-ccp-props=\"{&quot;201341983&quot;:0,&quot;335559739&quot;:0,&quot;335559740&quot;:240}\">\u00a0<\/span><\/p><p><span data-contrast=\"none\">***<\/span><span data-ccp-props=\"{&quot;201341983&quot;:0,&quot;335551550&quot;:2,&quot;335551620&quot;:2,&quot;335559739&quot;:0,&quot;335559740&quot;:240}\">\u00a0<\/span><\/p><p><span data-contrast=\"auto\">La CCC a \u00e9galement soutenu les exportateurs canadiens par le biais de notre secteur d\u2019activit\u00e9 Ma\u00eetre d\u2019\u0153uvre international (MOI), qui r\u00e9pond \u00e0 la demande d\u2019acquisitions de G\u00c0G des gouvernements \u00e9trangers.\u00a0<\/span><span data-ccp-props=\"{&quot;201341983&quot;:0,&quot;335559739&quot;:0,&quot;335559740&quot;:240}\">\u00a0<\/span><\/p><p><span data-contrast=\"auto\">Le service MOI est con\u00e7u pour aider les entreprises canadiennes \u00e0 vendre aux gouvernements \u00e9trangers en leur offrant un service de bout en bout, de la n\u00e9gociation du contrat \u00e0 la livraison finale.\u00a0<\/span><span data-ccp-props=\"{&quot;201341983&quot;:0,&quot;335559685&quot;:0,&quot;335559739&quot;:0,&quot;335559740&quot;:240}\">\u00a0<\/span><\/p><p><span data-contrast=\"auto\">Le service MOI permet \u00e0 la CCC de d\u00e9fendre les int\u00e9r\u00eats des entreprises canadiennes, de rechercher les conditions ad\u00e9quates pour la r\u00e9ussite du contrat et de r\u00e9soudre les probl\u00e8mes tout au long du processus, de l\u2019\u00e9laboration du projet au paiement final.\u00a0<\/span><span data-ccp-props=\"{&quot;201341983&quot;:0,&quot;335559685&quot;:0,&quot;335559739&quot;:0,&quot;335559740&quot;:240}\">\u00a0<\/span><\/p><p><span data-contrast=\"auto\">Ce secteur d\u2019activit\u00e9 aide un large \u00e9ventail de clients et d\u2019industries canadiens \u00e0 vendre et \u00e0 ex\u00e9cuter des contrats avec des gouvernements du monde entier, en mettant r\u00e9cemment l\u2019accent sur la transition vers l\u2019\u00e9nergie propre, en particulier l\u2019\u00e9nergie nucl\u00e9aire, et les secteurs de l\u2019a\u00e9rospatiale et de la d\u00e9fense.\u00a0<\/span><span data-ccp-props=\"{&quot;201341983&quot;:0,&quot;335559739&quot;:0,&quot;335559740&quot;:240}\">\u00a0<\/span><\/p><p><span data-contrast=\"none\">En\u202f2023-2024, la valeur totale des nouveaux contrats d\u2019exportation du service MOI \u00e9tait de 1,8\u202fmilliard de dollars.<\/span><b><span data-contrast=\"none\">\u00a0<\/span><\/b><span data-ccp-props=\"{&quot;201341983&quot;:0,&quot;335559739&quot;:0,&quot;335559740&quot;:240}\">\u00a0<\/span><\/p><p><span data-contrast=\"auto\">La CCC aborde ces possibilit\u00e9s avec une approche rigoureuse de gestion des risques qui comprend des consultations r\u00e9guli\u00e8res avec les parties prenantes du gouvernement du Canada et un processus de diligence raisonnable qui respecte les normes \u00e9lev\u00e9es du Canada en mati\u00e8re de droits de la personne et de pratiques commerciales responsables.\u00a0<\/span><span data-ccp-props=\"{&quot;201341983&quot;:0,&quot;335559739&quot;:0,&quot;335559740&quot;:240}\">\u00a0<\/span><\/p><p><span data-contrast=\"auto\">***<\/span><span data-ccp-props=\"{&quot;201341983&quot;:0,&quot;335551550&quot;:2,&quot;335551620&quot;:2,&quot;335559739&quot;:0,&quot;335559740&quot;:240}\">\u00a0<\/span><\/p><p><span data-contrast=\"auto\">Pour notre troisi\u00e8me\u202fsecteur d\u2019activit\u00e9, le service d\u2019approvisionnement de la CCC fournit une expertise en mati\u00e8re d\u2019approvisionnement et r\u00e9pond aux besoins urgents du gouvernement f\u00e9d\u00e9ral de soutenir rapidement et efficacement les programmes d\u2019aide internationale ou d\u2019assistance.\u00a0<\/span><span data-ccp-props=\"{&quot;201341983&quot;:0,&quot;335559739&quot;:0,&quot;335559740&quot;:240}\">\u00a0<\/span><\/p><p><span data-contrast=\"auto\">En\u202f2023-2024, la CCC a poursuivi son partenariat avec Affaires mondiales\u202fCanada et le minist\u00e8re de la D\u00e9fense nationale afin d\u2019obtenir et de fournir l\u2019aide canadienne au gouvernement ukrainien pour une valeur totale de 352\u202fmillions de dollars.<\/span><b><span data-contrast=\"auto\">\u00a0<\/span><\/b><span data-ccp-props=\"{&quot;201341983&quot;:0,&quot;335559739&quot;:0,&quot;335559740&quot;:240}\">\u00a0<\/span><\/p><p><span data-contrast=\"auto\">En plus de ces trois\u202fsecteurs d\u2019activit\u00e9, la CCC sensibilise les entreprises canadiennes de toutes tailles et ayant des profils de propri\u00e9t\u00e9 diversifi\u00e9s \u00e0 ses services de passation de contrats de G\u00c0G.\u00a0<\/span><span data-ccp-props=\"{&quot;201341983&quot;:0,&quot;335559739&quot;:0,&quot;335559740&quot;:240}\">\u00a0<\/span><\/p><p><span data-contrast=\"auto\">La CCC a soutenu plus de 550\u202fentreprises canadiennes dans leurs parcours d\u2019exportation en\u202f2023-2024 gr\u00e2ce \u00e0 des contrats, des services consultatifs et des r\u00e9f\u00e9rences. Parmi ces entreprises, 80\u202f% \u00e9taient de petites et moyennes entreprises et environ 10\u202f% \u00e9taient d\u00e9tenues ou dirig\u00e9es par des personnes issues de groupes sous-repr\u00e9sent\u00e9s.\u00a0<\/span><span data-ccp-props=\"{&quot;201341983&quot;:0,&quot;335559739&quot;:0,&quot;335559740&quot;:240}\">\u00a0<\/span><\/p><p><span data-contrast=\"auto\">La CCC a \u00e9galement particip\u00e9 activement \u00e0 l\u2019\u00e9quipe de la relance des entreprises, de l\u2019\u00e9conomie et du commerce (RE\u00c9C) de la ministre.<\/span><span data-ccp-props=\"{&quot;201341983&quot;:0,&quot;335559739&quot;:0,&quot;335559740&quot;:240}\">\u00a0<\/span><\/p><p><span data-contrast=\"auto\">Le travail de la CCC avec l\u2019\u00e9quipe de RE\u00c9C a mis l\u2019accent sur des initiatives visant \u00e0 am\u00e9liorer l\u2019information et le contenu sur les services d\u2019exportation du Canada, \u00e0 <\/span><span data-contrast=\"none\">promouvoir la collaboration entre le Canada et l\u2019Association des nations de l\u2019Asie du Sud-Est et <\/span><span data-contrast=\"auto\">\u00e0 aider les nouveaux exportateurs canadiens dans leur parcours commercial.\u00a0<\/span><span data-ccp-props=\"{&quot;201341983&quot;:0,&quot;335559739&quot;:0,&quot;335559740&quot;:240}\">\u00a0<\/span><\/p><p><span data-contrast=\"none\">La CCC a \u00e9galement offert de la valeur aux exportateurs canadiens gr\u00e2ce \u00e0 des initiatives qui ajoutent plus de valeur pour les clients. L\u2019une de ces initiatives <\/span><span data-contrast=\"auto\">a \u00e9t\u00e9 lanc\u00e9e en\u202f2023-2024 pour guider la transformation num\u00e9rique et renforcer la cybers\u00e9curit\u00e9 de la CCC.\u00a0<\/span><span data-ccp-props=\"{&quot;201341983&quot;:0,&quot;335557856&quot;:16777215,&quot;335559739&quot;:0,&quot;335559740&quot;:240}\">\u00a0<\/span><\/p><p><span data-contrast=\"auto\">Il s\u2019agit notamment de simplifier et d\u2019am\u00e9liorer l\u2019int\u00e9gration des syst\u00e8mes et des applications, d\u2019am\u00e9liorer l\u2019accessibilit\u00e9 et la fiabilit\u00e9 des donn\u00e9es pour les rapports et les analyses, d\u2019optimiser l\u2019automatisation pour am\u00e9liorer l\u2019exp\u00e9rience des clients et de normaliser les op\u00e9rations.\u00a0<\/span><span data-ccp-props=\"{&quot;201341983&quot;:0,&quot;335557856&quot;:16777215,&quot;335559739&quot;:0,&quot;335559740&quot;:240}\">\u00a0<\/span><\/p><p><span data-contrast=\"auto\">La Corporation a \u00e9galement progress\u00e9 dans la mise en \u0153uvre de ses engagements en mati\u00e8re de strat\u00e9gie de ressources humaines. La CCC consid\u00e8re ses employ\u00e9s comme son plus grand atout et s\u2019est de plus en plus concentr\u00e9 \u00e0 moderniser les outils de recrutement<\/span><span data-contrast=\"none\"> afin de s\u2019assurer que nous avons les comp\u00e9tences n\u00e9cessaires pour r\u00e9pondre aux besoins changeants des exportateurs canadiens<\/span><span data-contrast=\"auto\"> et pour promouvoir la Corporation en tant qu\u2019option attrayante pour les meilleurs candidats.<\/span><span data-ccp-props=\"{&quot;201341983&quot;:0,&quot;335557856&quot;:16777215,&quot;335559739&quot;:0,&quot;335559740&quot;:240}\">\u00a0<\/span><\/p><p><span data-contrast=\"none\">En terminant, j\u2019aimerais remercier le conseil d\u2019administration pour son soutien et ses conseils.\u202f<\/span>\u00a0<\/p><p><span data-contrast=\"none\">Je suis \u00e9galement reconnaissant \u00e0 mes coll\u00e8gues de l\u2019\u00e9quipe de direction et \u00e0 tous les membres de notre \u00e9quipe pour leur soutien envers nos clients.\u00a0<\/span><span data-ccp-props=\"{&quot;134233117&quot;:true,&quot;134233118&quot;:true,&quot;201341983&quot;:0,&quot;335557856&quot;:16777215,&quot;335559740&quot;:240}\">\u00a0<\/span><\/p><p><span data-contrast=\"none\">Pour l\u2019avenir, je suis optimiste quant \u00e0 la trajectoire de la CCC. Elle saura r\u00e9pondre encore plus efficacement aux besoins changeants des entreprises canadiennes et \u00e0 soutenir les priorit\u00e9s commerciales du gouvernement du Canada, tout en continuant <\/span><span data-contrast=\"auto\">\u00e0 faire rayonner le Canada dans le monde<\/span><span data-contrast=\"none\">.\u202f<\/span>\u00a0<\/p><\/div>\n\t\t\t\t<\/div>\n\t\t\t\t\t\t\t<div class=\"elementor-toggle-item\">\n\t\t\t\t\t<div id=\"elementor-tab-title-3452\" class=\"elementor-tab-title\" data-tab=\"2\" role=\"button\" aria-controls=\"elementor-tab-content-3452\" aria-expanded=\"false\">\n\t\t\t\t\t\t\t\t\t\t\t\t<span class=\"elementor-toggle-icon elementor-toggle-icon-left\" aria-hidden=\"true\">\n\t\t\t\t\t\t\t\t\t\t\t\t\t\t\t<span class=\"elementor-toggle-icon-closed\"><svg class=\"e-font-icon-svg e-fas-caret-right\" viewBox=\"0 0 192 512\" xmlns=\"http:\/\/www.w3.org\/2000\/svg\"><path d=\"M0 384.662V127.338c0-17.818 21.543-26.741 34.142-14.142l128.662 128.662c7.81 7.81 7.81 20.474 0 28.284L34.142 398.804C21.543 411.404 0 402.48 0 384.662z\"><\/path><\/svg><\/span>\n\t\t\t\t\t\t\t\t<span class=\"elementor-toggle-icon-opened\"><svg class=\"elementor-toggle-icon-opened e-font-icon-svg e-fas-caret-up\" viewBox=\"0 0 320 512\" xmlns=\"http:\/\/www.w3.org\/2000\/svg\"><path d=\"M288.662 352H31.338c-17.818 0-26.741-21.543-14.142-34.142l128.662-128.662c7.81-7.81 20.474-7.81 28.284 0l128.662 128.662c12.6 12.599 3.676 34.142-14.142 34.142z\"><\/path><\/svg><\/span>\n\t\t\t\t\t\t\t\t\t\t\t\t\t<\/span>\n\t\t\t\t\t\t\t\t\t\t\t\t<a class=\"elementor-toggle-title\" tabindex=\"0\">Douglas\u202fHarrison, pr\u00e9sident du conseil d\u2019administration de la CCC <\/a>\n\t\t\t\t\t<\/div>\n\n\t\t\t\t\t<div id=\"elementor-tab-content-3452\" class=\"elementor-tab-content elementor-clearfix\" data-tab=\"2\" role=\"region\" aria-labelledby=\"elementor-tab-title-3452\"><p><span data-contrast=\"none\">Bonjour et bienvenue \u00e0 l\u2019assembl\u00e9e publique annuelle de la Corporation commerciale canadienne (CCC). Merci de nous rejoindre aujourd\u2019hui.<\/span><span data-ccp-props=\"{&quot;134233117&quot;:true,&quot;134233118&quot;:true,&quot;201341983&quot;:0,&quot;335557856&quot;:16777215,&quot;335559740&quot;:240}\">\u00a0<\/span><\/p><p><span data-contrast=\"none\">Je suis Douglas\u202fHarrison, pr\u00e9sident du conseil d\u2019administration de la CCC, et je suis heureux d\u2019\u00eatre ici aujourd\u2019hui afin d\u2019examiner les r\u00e9sultats de l\u2019organisation pour l\u2019exercice\u202f2023-2024.<\/span><span data-ccp-props=\"{&quot;134233117&quot;:true,&quot;134233118&quot;:true,&quot;201341983&quot;:0,&quot;335557856&quot;:16777215,&quot;335559740&quot;:240}\">\u00a0<\/span><\/p><p><span data-contrast=\"none\">Nous pr\u00e9sentons notre r\u00e9union en ligne afin de pouvoir atteindre le plus grand nombre de canadiens. Si vous avez des questions concernant l\u2019information communiqu\u00e9e dans cette vid\u00e9o, veuillez les envoyer \u00e0 <\/span><a href=\"mailto:communications@ccc.ca\"><span data-contrast=\"none\">communications@ccc.ca<\/span><\/a><span data-contrast=\"none\">. Nous serons ravis de vous r\u00e9pondre par courriel.<\/span><span data-ccp-props=\"{&quot;134233117&quot;:true,&quot;134233118&quot;:true,&quot;201341983&quot;:0,&quot;335557856&quot;:16777215,&quot;335559740&quot;:240}\">\u00a0<\/span><\/p><p><span data-contrast=\"none\">J\u2019aimerais souligner que nous sommes \u00e0 Toronto aujourd\u2019hui et que la terre sur laquelle nous sommes rassembl\u00e9s est le territoire traditionnel des Haudenosaunee et, plus r\u00e9cemment, le territoire des Mississaugas du Cr\u00e9dit.\u00a0<\/span><span data-ccp-props=\"{&quot;201341983&quot;:0,&quot;335557856&quot;:16777215,&quot;335559739&quot;:0,&quot;335559740&quot;:240}\">\u00a0<\/span><\/p><p><span data-contrast=\"none\">Nous rendons hommage aux peuples autochtones, \u00e0 leurs anc\u00eatres et \u00e0 leurs contributions \u00e0 ce grand pays. La CCC esp\u00e8re qu\u2019en reconnaissant les terres sur lesquelles nous vivons et travaillons, elle favorisera la r\u00e9conciliation.\u00a0<\/span><span data-ccp-props=\"{&quot;201341983&quot;:0,&quot;335557856&quot;:16777215,&quot;335559739&quot;:0,&quot;335559740&quot;:240}\">\u00a0<\/span><\/p><p><span data-contrast=\"none\">Depuis pr\u00e8s de 80\u202fans, la CCC soutient les programmes de commerce international et de politique \u00e9trang\u00e8re du gouvernement du Canada tout en aidant les entreprises canadiennes \u00e0 vendre des biens et des services aux gouvernements du monde entier.<\/span><span data-ccp-props=\"{&quot;134233117&quot;:true,&quot;134233118&quot;:true,&quot;201341983&quot;:0,&quot;335557856&quot;:16777215,&quot;335559740&quot;:240}\">\u00a0<\/span><\/p><p><span data-contrast=\"none\">La CCC joue un<\/span><span data-contrast=\"none\"> r\u00f4le sp\u00e9cifique, mais <\/span><span data-contrast=\"none\">essentiel, au sein de l\u2019\u00e9quipe commerciale du Canada en tant que seule agence gouvernementale canadienne offrant une expertise en mati\u00e8re de passation de contrats internationaux aux entreprises canadiennes.\u202f<\/span><span data-ccp-props=\"{}\">\u00a0<\/span><\/p><p><span data-contrast=\"none\">Elle travaille de concert avec des partenaires du gouvernement du Canada, comme Affaires mondiales\u202fCanada, le minist\u00e8re de la D\u00e9fense nationale, le Service des d\u00e9l\u00e9gu\u00e9s commerciaux <\/span><span data-contrast=\"none\">et <\/span><span data-contrast=\"none\">Exportation et d\u00e9veloppement Canada, <\/span><span data-contrast=\"none\">afin de promouvoir et de soutenir les exportations des entreprises canadiennes<\/span><span data-contrast=\"none\">.\u00a0<\/span><span data-ccp-props=\"{}\">\u00a0<\/span><\/p><p><span data-contrast=\"auto\">La strat\u00e9gie de passation de contrats de gouvernement \u00e0 gouvernement (G\u00e0G) de la CCC s\u2019harmonise avec les politiques du gouvernement du Canada en mati\u00e8re de commerce international. Elle cr\u00e9e des occasions d\u2019\u00e9tablir et de renforcer des relations bilat\u00e9rales tout en facilitant les possibilit\u00e9s d\u2019exportation pour les entreprises canadiennes qui pourraient autrement \u00eatre hors de leur port\u00e9e.\u00a0<\/span><span data-ccp-props=\"{&quot;134233117&quot;:true,&quot;134233118&quot;:true,&quot;201341983&quot;:0,&quot;335557856&quot;:16777215,&quot;335559740&quot;:240}\">\u00a0<\/span><\/p><p><span data-contrast=\"none\">Malgr\u00e9 une \u00e9conomie difficile en\u202f2023-2024, marqu\u00e9e par une \u00e9volution de la g\u00e9opolitique, la CCC a continu\u00e9 de produire de solides r\u00e9sultats pour les canadiens et les exportateurs canadiens.\u00a0<\/span><span data-ccp-props=\"{&quot;201341983&quot;:0,&quot;335559739&quot;:0,&quot;335559740&quot;:240}\">\u00a0<\/span><\/p><p><span data-contrast=\"none\">Elle a enregistr\u00e9 une augmentation de pr\u00e8s de 40\u202f% des contrats sign\u00e9s au cours de l\u2019exercice par rapport \u00e0 l\u2019ann\u00e9e pr\u00e9c\u00e9dente.\u00a0<\/span><span data-ccp-props=\"{&quot;134233117&quot;:true,&quot;134233118&quot;:true,&quot;201341983&quot;:0,&quot;335557856&quot;:16777215,&quot;335559740&quot;:240}\">\u00a0<\/span><\/p><p><span data-contrast=\"none\">La CCC offre ses services par le biais de trois\u202fsecteurs d\u2019activit\u00e9\u202f:<\/span><span data-ccp-props=\"{&quot;134233117&quot;:true,&quot;134233118&quot;:true,&quot;201341983&quot;:0,&quot;335557856&quot;:16777215,&quot;335559740&quot;:240}\">\u00a0<\/span><\/p><ul><li data-leveltext=\"\uf0b7\" data-font=\"Symbol\" data-listid=\"5\" data-list-defn-props=\"{&quot;335552541&quot;:1,&quot;335559685&quot;:1440,&quot;335559991&quot;:360,&quot;469769226&quot;:&quot;Symbol&quot;,&quot;469769242&quot;:[8226],&quot;469777803&quot;:&quot;left&quot;,&quot;469777804&quot;:&quot;\uf0b7&quot;,&quot;469777815&quot;:&quot;hybridMultilevel&quot;}\" aria-setsize=\"-1\" data-aria-posinset=\"1\" data-aria-level=\"1\"><span data-contrast=\"none\">l\u2019Accord sur le Partage de la Production de D\u00e9fense (APPD), qui donne acc\u00e8s \u00e0 des possibilit\u00e9s d\u2019approvisionnement avec le minist\u00e8re de la D\u00e9fense des \u00c9tats-Unis;\u00a0<\/span><span data-ccp-props=\"{&quot;134233117&quot;:true,&quot;134233118&quot;:true,&quot;201341983&quot;:0,&quot;335557856&quot;:16777215,&quot;335559740&quot;:240}\">\u00a0<\/span><\/li><li data-leveltext=\"\uf0b7\" data-font=\"Symbol\" data-listid=\"5\" data-list-defn-props=\"{&quot;335552541&quot;:1,&quot;335559685&quot;:1440,&quot;335559991&quot;:360,&quot;469769226&quot;:&quot;Symbol&quot;,&quot;469769242&quot;:[8226],&quot;469777803&quot;:&quot;left&quot;,&quot;469777804&quot;:&quot;\uf0b7&quot;,&quot;469777815&quot;:&quot;hybridMultilevel&quot;}\" aria-setsize=\"-1\" data-aria-posinset=\"1\" data-aria-level=\"1\"><span data-contrast=\"none\">le service de ma\u00eetre d\u2019\u0153uvre international, qui offre des possibilit\u00e9s de G\u00c0G dans un large \u00e9ventail d\u2019industries et de pays;<\/span><span data-ccp-props=\"{&quot;134233117&quot;:true,&quot;134233118&quot;:true,&quot;201341983&quot;:0,&quot;335557856&quot;:16777215,&quot;335559740&quot;:240}\">\u00a0<\/span><\/li><li data-leveltext=\"\uf0b7\" data-font=\"Symbol\" data-listid=\"5\" data-list-defn-props=\"{&quot;335552541&quot;:1,&quot;335559685&quot;:1440,&quot;335559991&quot;:360,&quot;469769226&quot;:&quot;Symbol&quot;,&quot;469769242&quot;:[8226],&quot;469777803&quot;:&quot;left&quot;,&quot;469777804&quot;:&quot;\uf0b7&quot;,&quot;469777815&quot;:&quot;hybridMultilevel&quot;}\" aria-setsize=\"-1\" data-aria-posinset=\"1\" data-aria-level=\"1\"><span data-contrast=\"none\">un service d\u2019approvisionnement et d\u2019intervention d\u2019urgence, qui dessert divers minist\u00e8res du gouvernement du Canada.<\/span><span data-ccp-props=\"{&quot;134233117&quot;:true,&quot;134233118&quot;:true,&quot;201341983&quot;:0,&quot;335557856&quot;:16777215,&quot;335559740&quot;:240}\">\u00a0<\/span><\/li><\/ul><p><span data-contrast=\"none\">Ces secteurs d\u2019activit\u00e9 seront abord\u00e9s plus en d\u00e9tail par le pr\u00e9sident de la CCC ult\u00e9rieurement au cours de la r\u00e9union.<\/span><span data-ccp-props=\"{&quot;134233117&quot;:true,&quot;134233118&quot;:true,&quot;201341983&quot;:0,&quot;335557856&quot;:16777215,&quot;335559740&quot;:240}\">\u00a0<\/span><\/p><p><span data-contrast=\"none\">La strat\u00e9gie de la CCC, qui en est maintenant \u00e0 sa quatri\u00e8me\u202fann\u00e9e, repose sur trois\u202fpiliers pour guider la Corporation dans l\u2019ex\u00e9cution de son mandat et des trois\u202fsecteurs d\u2019activit\u00e9.\u00a0<\/span><span data-ccp-props=\"{&quot;201341983&quot;:0,&quot;335559739&quot;:0,&quot;335559740&quot;:240}\">\u00a0<\/span><\/p><ul><li data-leveltext=\"\uf0b7\" data-font=\"Symbol\" data-listid=\"8\" data-list-defn-props=\"{&quot;335552541&quot;:1,&quot;335559685&quot;:720,&quot;335559991&quot;:360,&quot;469769226&quot;:&quot;Symbol&quot;,&quot;469769242&quot;:[8226],&quot;469777803&quot;:&quot;left&quot;,&quot;469777804&quot;:&quot;\uf0b7&quot;,&quot;469777815&quot;:&quot;hybridMultilevel&quot;}\" aria-setsize=\"-1\" data-aria-posinset=\"1\" data-aria-level=\"1\"><span data-contrast=\"none\">Le <\/span><b><span data-contrast=\"none\">pilier Croissance<\/span><\/b><span data-contrast=\"none\"> vise \u00e0 accro\u00eetre les exportations canadiennes en travaillant avec des entreprises clientes nouvelles et existantes <\/span><span data-contrast=\"auto\">afin de r\u00e9pondre \u00e0 la demande des gouvernements \u00e9trangers pour les biens et services des exportateurs canadiens.<\/span><span data-contrast=\"none\">\u00a0<\/span><\/li><li data-leveltext=\"\uf0b7\" data-font=\"Symbol\" data-listid=\"8\" data-list-defn-props=\"{&quot;335552541&quot;:1,&quot;335559685&quot;:720,&quot;335559991&quot;:360,&quot;469769226&quot;:&quot;Symbol&quot;,&quot;469769242&quot;:[8226],&quot;469777803&quot;:&quot;left&quot;,&quot;469777804&quot;:&quot;\uf0b7&quot;,&quot;469777815&quot;:&quot;hybridMultilevel&quot;}\" aria-setsize=\"-1\" data-aria-posinset=\"1\" data-aria-level=\"1\">Le <b><span data-contrast=\"none\">pilier Excellence op\u00e9rationnelle<\/span><\/b><span data-contrast=\"auto\"> am\u00e9liore, simplifie et rationalise les processus op\u00e9rationnels pour nos clients.\u00a0<\/span><\/li><li data-leveltext=\"\uf0b7\" data-font=\"Symbol\" data-listid=\"8\" data-list-defn-props=\"{&quot;335552541&quot;:1,&quot;335559685&quot;:720,&quot;335559991&quot;:360,&quot;469769226&quot;:&quot;Symbol&quot;,&quot;469769242&quot;:[8226],&quot;469777803&quot;:&quot;left&quot;,&quot;469777804&quot;:&quot;\uf0b7&quot;,&quot;469777815&quot;:&quot;hybridMultilevel&quot;}\" aria-setsize=\"-1\" data-aria-posinset=\"1\" data-aria-level=\"1\">Le <b><span data-contrast=\"none\">pilier Environnemental, social et de gouvernance (ESG) <\/span><\/b><span data-contrast=\"auto\">s\u2019appuie sur l\u2019exp\u00e9rience de la CCC dans l\u2019application de pratiques de conduite responsable des affaires et s\u2019efforce d\u2019int\u00e9grer les principes et les r\u00e9flexions ESG dans toutes nos activit\u00e9s.\u00a0<\/span><span data-ccp-props=\"{&quot;201341983&quot;:0,&quot;335559739&quot;:0,&quot;335559740&quot;:240}\">\u00a0<\/span><\/li><\/ul><p><span data-contrast=\"auto\">La CCC simplifie et acc\u00e9l\u00e8re les acquisitions des gouvernements \u00e9trangers aupr\u00e8s des fournisseurs canadiens dans diff\u00e9rents secteurs, notamment l\u2019a\u00e9rospatiale, la d\u00e9fense et la s\u00e9curit\u00e9, les technologies de l\u2019information et des communications, les technologies propres et l\u2019\u00e9nergie, ainsi que les infrastructures publiques.\u00a0<\/span><span data-ccp-props=\"{&quot;201341983&quot;:0,&quot;335559739&quot;:0,&quot;335559740&quot;:240}\">\u00a0<\/span><\/p><p><span data-contrast=\"auto\">Les contrats de la CCC avec les gouvernements \u00e9trangers sont soutenus par le gouvernement du Canada et, en tant que tels, comportent une garantie que les modalit\u00e9s du contrat seront respect\u00e9es. Cette garantie permet d\u2019att\u00e9nuer le risque de l\u2019acheteur et de faciliter les achats au Canada.\u00a0<\/span><span data-ccp-props=\"{&quot;201341983&quot;:0,&quot;335559739&quot;:0,&quot;335559740&quot;:240}\">\u00a0<\/span><\/p><p><span data-contrast=\"auto\">Les projets de G\u00c0G peuvent \u00eatre vastes, complexes et politiquement sensibles, n\u00e9cessitant une expertise que seule une organisation comme la CCC peut offrir. Cette collaboration sur des acquisitions importantes approfondit les relations bilat\u00e9rales, r\u00e9duit les risques d\u2019approvisionnement pour le fournisseur et l\u2019acheteur \u00e9tranger, et peut renforcer la viabilit\u00e9 financi\u00e8re de certains projets.\u00a0<\/span><span data-ccp-props=\"{&quot;201341983&quot;:0,&quot;335559739&quot;:0,&quot;335559740&quot;:240}\">\u00a0<\/span><\/p><p><span data-contrast=\"auto\">La CCC dispose d\u2019un solide cadre de gestion des risques d\u2019entreprise qui att\u00e9nue les risques pour le gouvernement du Canada et, par extension, pour tous les Canadiens. Examin\u00e9 chaque ann\u00e9e par le conseil d\u2019administration, le cadre fournit des directives sur la gouvernance des risques, l\u2019\u00e9tablissement d\u2019objectifs strat\u00e9giques, le rendement, les communications et la production de rapports. Il surveille \u00e9galement la capacit\u00e9 et la tol\u00e9rance \u00e0 l\u2019\u00e9gard des risques \u00e0 l\u2019\u00e9chelle de l\u2019entit\u00e9, les risques d\u2019entreprise et les risques transactionnels.\u00a0<\/span><span data-ccp-props=\"{&quot;201341983&quot;:0,&quot;335559739&quot;:0,&quot;335559740&quot;:240}\">\u00a0<\/span><\/p><p><span data-contrast=\"auto\">Notre approche de gestion des risques compl\u00e8te notre strat\u00e9gie ESG, qui jette les bases d\u2019une surveillance et d\u2019une transparence accrues afin d\u2019encourager une conduite responsable et durable des entreprises, d\u2019accro\u00eetre la mobilisation de tous les secteurs de l\u2019industrie canadienne dans le commerce international et d\u2019assurer une meilleure g\u00e9rance environnementale.\u00a0<\/span><span data-ccp-props=\"{&quot;335559739&quot;:0}\">\u00a0<\/span><\/p><p><span data-contrast=\"auto\">Notre strat\u00e9gie ESG comprend la d\u00e9finition et la mise en \u0153uvre d\u2019un plan de r\u00e9duction des \u00e9missions qui \u00e9clairera les futurs rapports de la CCC, conform\u00e9ment aux recommandations du Groupe de travail sur l\u2019information financi\u00e8re relative aux changements climatiques.\u00a0<\/span><span data-ccp-props=\"{&quot;201341983&quot;:0,&quot;335559739&quot;:0,&quot;335559740&quot;:240}\">\u00a0<\/span><\/p><p><span data-contrast=\"auto\">En plus de promouvoir une conduite commerciale responsable des affaires aupr\u00e8s des exportateurs canadiens et de communiquer les renseignements transactionnels de la Corporation, la strat\u00e9gie<\/span> <span data-contrast=\"auto\">ESG soutient \u00e9galement une participation \u00e9conomique inclusive en mettant en \u0153uvre des mesures pour recueillir et communiquer des donn\u00e9es sur la diversit\u00e9 de sa base d\u2019exportateurs de la CCC.<\/span><span data-ccp-props=\"{&quot;201341983&quot;:0,&quot;335559739&quot;:0,&quot;335559740&quot;:240}\">\u00a0<\/span><\/p><p><span data-contrast=\"auto\">En tant que soci\u00e9t\u00e9 d\u2019\u00c9tat r\u00e9gie par un conseil d\u2019administration, la CCC doit rendre des comptes au Parlement par l\u2019entremise du ministre de la promotion des exportations, du Commerce international et du D\u00e9veloppement \u00e9conomique.<\/span><span data-ccp-props=\"{&quot;201341983&quot;:0,&quot;335559739&quot;:0,&quot;335559740&quot;:240}\">\u00a0<\/span><\/p><p><span data-contrast=\"auto\">Le conseil d\u2019administration veille \u00e0 la r\u00e9alisation du mandat l\u00e9gal et des objectifs de politique publique de la Corporation au nom du gouvernement du Canada. Il conseille l\u2019\u00e9quipe de direction de la CCC et s\u2019assure que l\u2019orientation strat\u00e9gique \u00e0 long terme de l\u2019organisation est conforme \u00e0 l\u2019\u00c9nonc\u00e9 des priorit\u00e9s et des responsabilit\u00e9s annuel \u00e9tabli par le ministre.\u00a0<\/span><span data-ccp-props=\"{&quot;201341983&quot;:0,&quot;335559739&quot;:0,&quot;335559740&quot;:240,&quot;469777462&quot;:[2043,8076,8290],&quot;469777927&quot;:[0,0,0],&quot;469777928&quot;:[1,1,1]}\">\u00a0<\/span><\/p><p><span data-contrast=\"auto\">La CCC a connu une ann\u00e9e exceptionnelle en\u202f2023-2024, chaque employ\u00e9 de la Corporation ayant contribu\u00e9 \u00e0 g\u00e9n\u00e9rer environ 30\u202fmillions de dollars d\u2019exportations au b\u00e9n\u00e9fice des Canadiens. Ces exportations ont \u00e9galement contribu\u00e9 \u00e0 la cr\u00e9ation et au maintien de pr\u00e8s de 15\u202f000\u202femplois au Canada.\u00a0<\/span><span data-ccp-props=\"{&quot;201341983&quot;:0,&quot;335557856&quot;:16777215,&quot;335559739&quot;:0,&quot;335559740&quot;:240}\">\u00a0<\/span><\/p><p><span data-contrast=\"none\">La CCC continuera <\/span><span data-contrast=\"auto\">de privil\u00e9gier l\u2019excellence op\u00e9rationnelle pour maximiser son soutien aux exportateurs canadiens, tout en<\/span><span data-contrast=\"none\"> renfor\u00e7ant son engagement \u00e0 l\u2019\u00e9gard de pratiques environnementales, sociales et de gouvernance positives.<\/span><span data-ccp-props=\"{&quot;201341983&quot;:0,&quot;335559739&quot;:0,&quot;335559740&quot;:240}\">\u00a0<\/span><\/p><p><span data-contrast=\"none\">Je tiens \u00e0 remercier personnellement la ministre Mary\u202fNg pour son soutien continu au travail important de la CCC et pour la confiance qu\u2019elle accorde \u00e0 notre vision.<\/span><span data-ccp-props=\"{&quot;134233117&quot;:true,&quot;134233118&quot;:true,&quot;201341983&quot;:0,&quot;335557856&quot;:16777215,&quot;335559740&quot;:240}\">\u00a0<\/span><\/p><p><span data-contrast=\"none\">J\u2019aimerais \u00e9galement remercier mes coll\u00e8gues du conseil d\u2019administration pour leur d\u00e9vouement et leur intendance, ainsi que l\u2019\u00e9quipe de direction de la CCC et tous les membres de notre \u00e9quipe pour leurs contributions tout au long de cette ann\u00e9e record.<\/span><span data-ccp-props=\"{&quot;134233117&quot;:true,&quot;134233118&quot;:true,&quot;201341983&quot;:0,&quot;335557856&quot;:16777215,&quot;335559740&quot;:240}\">\u00a0<\/span><\/p><p><span data-contrast=\"none\">Nous sommes confiants dans l\u2019avenir de la CCC. L\u2019organisation demeure bien plac\u00e9e pour mettre \u00e0 profit les comp\u00e9tences et l\u2019exp\u00e9rience canadiennes sur les march\u00e9s \u00e9trangers, renforcer les relations bilat\u00e9rales avec les gouvernements du monde entier et contribuer \u00e0 la mise en \u0153uvre du programme commercial du gouvernement du Canada.<\/span><span data-ccp-props=\"{&quot;134233117&quot;:true,&quot;134233118&quot;:true,&quot;201341983&quot;:0,&quot;335557856&quot;:16777215,&quot;335559740&quot;:240}\">\u00a0<\/span><\/p><\/div>\n\t\t\t\t<\/div>\n\t\t\t\t\t\t\t<div class=\"elementor-toggle-item\">\n\t\t\t\t\t<div id=\"elementor-tab-title-3453\" class=\"elementor-tab-title\" data-tab=\"3\" role=\"button\" aria-controls=\"elementor-tab-content-3453\" aria-expanded=\"false\">\n\t\t\t\t\t\t\t\t\t\t\t\t<span class=\"elementor-toggle-icon elementor-toggle-icon-left\" aria-hidden=\"true\">\n\t\t\t\t\t\t\t\t\t\t\t\t\t\t\t<span class=\"elementor-toggle-icon-closed\"><svg class=\"e-font-icon-svg e-fas-caret-right\" viewBox=\"0 0 192 512\" xmlns=\"http:\/\/www.w3.org\/2000\/svg\"><path d=\"M0 384.662V127.338c0-17.818 21.543-26.741 34.142-14.142l128.662 128.662c7.81 7.81 7.81 20.474 0 28.284L34.142 398.804C21.543 411.404 0 402.48 0 384.662z\"><\/path><\/svg><\/span>\n\t\t\t\t\t\t\t\t<span class=\"elementor-toggle-icon-opened\"><svg class=\"elementor-toggle-icon-opened e-font-icon-svg e-fas-caret-up\" viewBox=\"0 0 320 512\" xmlns=\"http:\/\/www.w3.org\/2000\/svg\"><path d=\"M288.662 352H31.338c-17.818 0-26.741-21.543-14.142-34.142l128.662-128.662c7.81-7.81 20.474-7.81 28.284 0l128.662 128.662c12.6 12.599 3.676 34.142-14.142 34.142z\"><\/path><\/svg><\/span>\n\t\t\t\t\t\t\t\t\t\t\t\t\t<\/span>\n\t\t\t\t\t\t\t\t\t\t\t\t<a class=\"elementor-toggle-title\" tabindex=\"0\">Diane Montambault, vice-pr\u00e9sidente, Gestion des contrats et op\u00e9rations de la CCC<\/a>\n\t\t\t\t\t<\/div>\n\n\t\t\t\t\t<div id=\"elementor-tab-content-3453\" class=\"elementor-tab-content elementor-clearfix\" data-tab=\"3\" role=\"region\" aria-labelledby=\"elementor-tab-title-3453\"><p><span data-contrast=\"none\">Bonjour et bienvenue \u00e0 tous les t\u00e9l\u00e9spectateurs.\u00a0<\/span><span data-ccp-props=\"{&quot;201341983&quot;:0,&quot;335559739&quot;:0,&quot;335559740&quot;:240}\">\u00a0<\/span><\/p><p><span data-contrast=\"none\">Je m&rsquo;appelle Diane Montambault et j&rsquo;ai l&rsquo;honneur d&rsquo;occuper le poste de vice-pr\u00e9sidente, Gestion des contrats et op\u00e9rations \u00e0 la Corporation commerciale canadienne.\u00a0<\/span><span data-ccp-props=\"{&quot;201341983&quot;:0,&quot;335559739&quot;:0,&quot;335559740&quot;:240}\">\u00a0<\/span><\/p><p><span data-contrast=\"none\">\u00c0 la CCC, nous soutenons le commerce du Canada avec d&rsquo;autres pays et renfor\u00e7ons les relations commerciales bilat\u00e9rales depuis pr\u00e8s de 80 ans.\u00a0<\/span><span data-ccp-props=\"{&quot;201341983&quot;:0,&quot;335559739&quot;:0,&quot;335559740&quot;:240}\">\u00a0<\/span><\/p><p><span data-contrast=\"none\">Nous soutenons les exportateurs canadiens du tout d\u00e9but <\/span><span data-contrast=\"none\">jusqu\u2019\u00e0 <\/span><span data-contrast=\"none\">la fin de leur parcours contractuel. <\/span><span data-contrast=\"none\">Gr\u00e2ce \u00e0 son expertise d\u00e9velopp\u00e9e <\/span><span data-contrast=\"none\">au fil des ans, la CCC aide les exportateurs \u00e0 naviguer<\/span><span data-contrast=\"none\"> dans<\/span><span data-contrast=\"none\"> des march\u00e9s<\/span><span data-contrast=\"none\"> complexes, proc\u00e8de<\/span><span data-contrast=\"none\"> \u00e0 l&rsquo;administration des contrats et travaille<\/span> <span data-contrast=\"none\">en \u00e9troite collaboration avec l&rsquo;exportateur canadien et l&rsquo;acheteur du gouvernement \u00e9tranger afin <\/span><span data-contrast=\"none\">d&rsquo;<\/span><span data-contrast=\"none\">identifier et d&rsquo;att\u00e9nuer les risques<\/span><span data-contrast=\"none\"> en plus de supporter la r\u00e9solution de conflits et de participer \u00e0 l\u2019\u00e9laboration de <\/span><span data-contrast=\"none\">solutions.<\/span><span data-ccp-props=\"{&quot;201341983&quot;:0,&quot;335559739&quot;:0,&quot;335559740&quot;:240}\">\u00a0<\/span><\/p><p><span data-contrast=\"none\">Les services de gestion des contrats de la CCC <\/span><span data-contrast=\"none\">comportent<\/span><span data-contrast=\"none\"> \u00e9galement l\u2019assurance du gouvernement du Canada que le contrat sera ex\u00e9cut\u00e9 conform\u00e9ment aux conditions convenues<\/span><span data-contrast=\"none\"> entre<\/span><span data-contrast=\"none\"> les parties.\u00a0<\/span><span data-ccp-props=\"{&quot;201341983&quot;:0,&quot;335559739&quot;:0,&quot;335559740&quot;:240}\">\u00a0<\/span><\/p><p><span data-contrast=\"none\">Aujourd&rsquo;hui, j&rsquo;aimerais souligner quelques-uns des contrats que la CCC a ex\u00e9cut\u00e9s au cours de l&rsquo;exercice 2023-24 par l&rsquo;entremise de nos secteurs d&rsquo;activit\u00e9 de <\/span><span data-contrast=\"none\">l&rsquo;Accord sur le Partage de la Production de D\u00e9fense, le service de ma\u00eetre d&rsquo;\u0153uvre international et<\/span><span data-ccp-props=\"{&quot;201341983&quot;:0,&quot;335559739&quot;:0,&quot;335559740&quot;:240}\">\u00a0<\/span><span data-contrast=\"none\">notre service d&rsquo;approvisionnement.\u00a0<\/span><span data-ccp-props=\"{&quot;201341983&quot;:0,&quot;335557856&quot;:16777215,&quot;335559739&quot;:0,&quot;335559740&quot;:240}\">\u00a0<\/span><\/p><p><span data-contrast=\"none\">L&rsquo;administration de l&rsquo;Accord sur le Partage de la Production de d\u00e9fense au nom du gouvernement du Canada est le principal mandat de politique publique de la CCC. Cet accord commercial de d\u00e9fense entre le Canada et les \u00c9tats-Unis consacre le Canada comme partie int\u00e9grante de la base d&rsquo;approvisionnement militaire nationale des \u00c9tats-Unis, permettant aux exportateurs canadiens de vendre des biens et des services au D\u00e9partement de la d\u00e9fense des \u00c9tats-Unis sur un pied d&rsquo;\u00e9galit\u00e9 avec les concurrents bas\u00e9s aux \u00c9tats-Unis.\u00a0<\/span><span data-ccp-props=\"{&quot;201341983&quot;:0,&quot;335557856&quot;:16777215,&quot;335559739&quot;:0,&quot;335559740&quot;:240}\">\u00a0<\/span><\/p><p><span data-contrast=\"none\">L&rsquo;APPD soutient une base industrielle de d\u00e9fense nord-am\u00e9ricaine int\u00e9gr\u00e9e et r\u00e9siliente qui sert les int\u00e9r\u00eats \u00e9conomiques et strat\u00e9giques des deux pays.\u00a0\u00a0\u00a0<\/span><span data-ccp-props=\"{&quot;201341983&quot;:0,&quot;335557856&quot;:16777215,&quot;335559739&quot;:0,&quot;335559740&quot;:240}\">\u00a0<\/span><\/p><p><b><span data-contrast=\"none\">En 2023-24, la CCC a sign\u00e9 des contrats d&rsquo;une valeur de 1,1 milliard de dollars dans le cadre de l&rsquo;APPD.<\/span><\/b><span data-ccp-props=\"{&quot;201341983&quot;:0,&quot;335557856&quot;:16777215,&quot;335559739&quot;:0,&quot;335559740&quot;:240}\">\u00a0<\/span><\/p><p><span data-contrast=\"none\">Parmi ces contrats figure un accord entre la CCC et l&rsquo;arm\u00e9e am\u00e9ricaine visant \u00e0 accro\u00eetre la capacit\u00e9 de production de propulsion d&rsquo;artillerie de General Dynamics Ordnance and Tactical Systems Canada \u00e0 Valleyfield, au Qu\u00e9bec.\u00a0<\/span><span data-ccp-props=\"{&quot;134233117&quot;:true,&quot;134233118&quot;:true,&quot;201341983&quot;:0,&quot;335559739&quot;:0,&quot;335559740&quot;:240}\">\u00a0<\/span><\/p><p><span data-contrast=\"none\">L\u2019accord repr\u00e9sente un investissement important dans la cha\u00eene d&rsquo;approvisionnement partag\u00e9e de la d\u00e9fense en tirant parti de la technologie, du savoir-faire et de l&rsquo;infrastructure \u00e9prouv\u00e9s de GD-OTS Valleyfield pour augmenter la production de mat\u00e9riel de ravitaillement de 155 mm.\u00a0<\/span><span data-ccp-props=\"{&quot;134233117&quot;:true,&quot;134233118&quot;:true,&quot;201341983&quot;:0,&quot;335559739&quot;:0,&quot;335559740&quot;:240}\">\u00a0<\/span><\/p><p><span data-contrast=\"none\">Un autre contrat de l&rsquo;APPD a \u00e9t\u00e9 attribu\u00e9 \u00e0 Thornhill Medical, bas\u00e9e \u00e0 Toronto, pour fournir des syst\u00e8mes d\u2019anesth\u00e9sie et de maintien des fonctions vitales au D\u00e9partement de la d\u00e9fense des \u00c9tats-Unis.\u00a0<\/span><span data-ccp-props=\"{&quot;134233117&quot;:true,&quot;134233118&quot;:true,&quot;201341983&quot;:0,&quot;335559739&quot;:0,&quot;335559740&quot;:240}\">\u00a0<\/span><\/p><p><span data-contrast=\"none\">Thornhill Medical a d\u00e9velopp\u00e9 un syst\u00e8me de survie portable et fonctionnant sur batterie, appel\u00e9 MOVES SLC. Ces syst\u00e8mes offrent une surveillance compl\u00e8te des signes vitaux en plus de l&rsquo;oxyg\u00e8ne, le tout dans une seule unit\u00e9 qui peut relever en toute s\u00e9curit\u00e9 les d\u00e9fis de la prestation de soins m\u00e9dicaux d&rsquo;urgence dans des circonstances difficiles, telles que les catastrophes naturelles et les zones de conflit.\u00a0<\/span><span data-ccp-props=\"{&quot;134233117&quot;:true,&quot;134233118&quot;:true,&quot;201341983&quot;:0,&quot;335559739&quot;:0,&quot;335559740&quot;:240}\">\u00a0<\/span><\/p><p><span data-contrast=\"none\">L&rsquo;expertise et le soutien que la CCC offre aux entreprises canadiennes par l&rsquo;interm\u00e9diaire de l&rsquo;APPD comprennent l&rsquo;aide \u00e0 l&rsquo;interpr\u00e9tation du syst\u00e8me d&rsquo;acquisition du D\u00e9partement de la d\u00e9fense des \u00c9tats-Unis. Cela est cruciale, en particulier pour les petites entreprises qui souhaitent naviguer dans ce syst\u00e8me vaste et complexe.\u00a0<\/span><span data-ccp-props=\"{&quot;134233117&quot;:true,&quot;134233118&quot;:true,&quot;201341983&quot;:0,&quot;335559739&quot;:0,&quot;335559740&quot;:240}\">\u00a0<\/span><\/p><p><span data-contrast=\"none\">La soci\u00e9t\u00e9 J.A. Larue est un exemple de petite entreprise soutenue par la CCC dans le cadre de l&rsquo;APPD en 2023-24. Cette entreprise de Qu\u00e9bec a obtenu deux commandes d&rsquo;\u00e9quipement de d\u00e9neigement, d&rsquo;une valeur de plus de 2 millions de dollars, pour le D\u00e9partement de la D\u00e9fense des \u00c9tats-Unis.<\/span><span data-ccp-props=\"{&quot;134233117&quot;:false,&quot;134233118&quot;:false,&quot;201341983&quot;:0,&quot;335559738&quot;:0,&quot;335559739&quot;:0,&quot;335559740&quot;:240}\">\u00a0<\/span><\/p><p><span data-contrast=\"none\">En plus de son mandat d&rsquo;administrer l&rsquo;APPD, la CCC offre un service de ma\u00eetre d&rsquo;\u0153uvre international qui r\u00e9pond \u00e0 la demande des gouvernements \u00e9trangers pour des acquisitions de gouvernement \u00e0 gouvernement.\u00a0<\/span><span data-ccp-props=\"{&quot;134233117&quot;:true,&quot;134233118&quot;:true,&quot;201341983&quot;:0,&quot;335559739&quot;:0,&quot;335559740&quot;:240}\">\u00a0<\/span><\/p><p><span data-contrast=\"none\">La CCC a sign\u00e9 un important contrat tripartite dans ce secteur d\u2019activit\u00e9 en 2023-24 entre la CCC, AtkinsR\u00e9alis et la Soci\u00e9t\u00e9 nationale d&rsquo;\u00e9lectricit\u00e9 nucl\u00e9aire de Roumanie.\u00a0<\/span><span data-ccp-props=\"{&quot;134233117&quot;:true,&quot;134233118&quot;:true,&quot;201341983&quot;:0,&quot;335559740&quot;:240}\">\u00a0<\/span><\/p><p><span data-contrast=\"none\">D&rsquo;une valeur de plus de 700 million de dollars, ce contrat fournit un soutien technique et des composants de r\u00e9acteur pour prolonger la dur\u00e9e de vie du r\u00e9acteur CANDU de l&rsquo;unit\u00e9 1 de la centrale nucl\u00e9aire de Cernavoda, en Roumanie.\u00a0<\/span><span data-ccp-props=\"{&quot;134233117&quot;:true,&quot;134233118&quot;:true,&quot;201341983&quot;:0,&quot;335559739&quot;:0,&quot;335559740&quot;:240}\">\u00a0<\/span><\/p><p><span data-contrast=\"none\">Alors que la Roumanie effectue la transition vers une \u00e9nergie fiable et \u00e0 faible \u00e9mission de carbone, le r\u00e9acteur CANDU remis \u00e0 neuf fournira un flux d&rsquo;\u00e9nergie ininterrompu, sans \u00e9missions et \u00e0 faible co\u00fbt \u00e0 la Roumanie et \u00e0 la Moldavie voisine.\u00a0<\/span><span data-ccp-props=\"{&quot;134233117&quot;:true,&quot;134233118&quot;:true,&quot;201341983&quot;:0,&quot;335559739&quot;:0,&quot;335559740&quot;:240}\">\u00a0<\/span><\/p><p><span data-contrast=\"none\">Comme environ 85 % du projet sera ex\u00e9cut\u00e9 au Canada, ce contrat soutiendra des emplois bien r\u00e9mun\u00e9r\u00e9s au Canada tout en assurant la s\u00e9curit\u00e9 \u00e9nerg\u00e9tique de la Roumanie.<\/span><span data-ccp-props=\"{&quot;134233117&quot;:false,&quot;134233118&quot;:false,&quot;201341983&quot;:0,&quot;335559738&quot;:0,&quot;335559739&quot;:0,&quot;335559740&quot;:240}\">\u00a0<\/span><\/p><p><span data-contrast=\"none\">***<\/span><span data-ccp-props=\"{&quot;134233117&quot;:false,&quot;134233118&quot;:false,&quot;201341983&quot;:0,&quot;335551550&quot;:2,&quot;335551620&quot;:2,&quot;335559738&quot;:0,&quot;335559739&quot;:0,&quot;335559740&quot;:240}\">\u00a0<\/span><\/p><p><span data-contrast=\"none\">Tout au long de l&rsquo;ann\u00e9e, la CCC a \u00e9galement consacr\u00e9 beaucoup de temps et de ressources \u00e0 la n\u00e9gociation d&rsquo;un important contrat d&rsquo;avions de lutte contre les incendies entre la soci\u00e9t\u00e9 De Havilland Canada, la Protection Civile et Op\u00e9rations d\u2019Aide Humanitaire Europ\u00e9enne et certains \u00c9tats membres de l&rsquo;Union europ\u00e9enne. Ce contrat s&rsquo;est concr\u00e9tis\u00e9 au cours de l&rsquo;exercice 2024-25 et nous avons h\u00e2te de fournir plus de d\u00e9tails dans notre prochain rapport annuel.\u00a0\u00a0\u00a0<\/span><span data-ccp-props=\"{&quot;201341983&quot;:0,&quot;335557856&quot;:16777215,&quot;335559739&quot;:0,&quot;335559740&quot;:240}\">\u00a0<\/span><\/p><p><span data-contrast=\"none\">***<\/span><span data-ccp-props=\"{&quot;201341983&quot;:0,&quot;335551550&quot;:2,&quot;335551620&quot;:2,&quot;335557856&quot;:16777215,&quot;335559739&quot;:0,&quot;335559740&quot;:240}\">\u00a0<\/span><\/p><p><span data-contrast=\"none\">Notre activit\u00e9 de ma\u00eetre d&rsquo;\u0153uvre internationale s&rsquo;aligne sur les priorit\u00e9s du gouvernement du Canada et se concentre sur les secteurs de l&rsquo;a\u00e9rospatiale et de la d\u00e9fense, ainsi que sur la transition vers l&rsquo;\u00e9nergie propre. Cependant, de temps \u00e0 autre, les contrats de la CCC jouent une partition tr\u00e8s diff\u00e9rente.<\/span><span data-ccp-props=\"{&quot;201341983&quot;:0,&quot;335557856&quot;:16777215,&quot;335559739&quot;:0,&quot;335559740&quot;:240}\">\u00a0<\/span><\/p><p><span data-contrast=\"none\">En mars 2024, la CCC a obtenu un contrat pour la fourniture d&rsquo;un orgue \u00e0 tuyaux de fabrication canadienne \u00e0 une cath\u00e9drale de Perth, en Australie. Dans le cadre du contrat de gouvernement \u00e0 gouvernement de la CCC, les artisans d&rsquo;Orgues L\u00e9tourneau, une petite entreprise de Saint-Hyacinthe, au Qu\u00e9bec, concevront, construiront, installeront et feront sonner un nouvel orgue en ch\u00eane rouge compos\u00e9 de milliers de tuyaux.<\/span><span data-ccp-props=\"{&quot;201341983&quot;:0,&quot;335557856&quot;:16777215,&quot;335559739&quot;:0,&quot;335559740&quot;:240}\">\u00a0<\/span><\/p><p><span data-contrast=\"auto\">Depuis pr\u00e8s de 60 ans, le secteur d\u2019affaires de l&rsquo;approvisionnement de la CCC offre une expertise en mati\u00e8re de passation de march\u00e9s pour appuyer la prestation de l&rsquo;aide internationale du gouvernement du Canada lorsque des achats rapides ou complexes sont n\u00e9cessaires.\u00a0<\/span><span data-ccp-props=\"{&quot;201341983&quot;:0,&quot;335559739&quot;:0,&quot;335559740&quot;:240}\">\u00a0<\/span><\/p><p><span data-contrast=\"auto\">Par exemple, au d\u00e9but de la pand\u00e9mie de COVID-19, la CCC a aid\u00e9 le Canada \u00e0 s\u2019approvisionner en \u00e9quipements de protection individuelle pour plusieurs pays d&rsquo;Asie et d&rsquo;Afrique. Ces projets hautement prioritaires sont ex\u00e9cut\u00e9s avec la plus grande diligence.\u00a0<\/span><span data-ccp-props=\"{&quot;201341983&quot;:0,&quot;335559739&quot;:0,&quot;335559740&quot;:240}\">\u00a0<\/span><\/p><p><span data-contrast=\"auto\">Depuis mars 2022, la Corporation est tr\u00e8s fi\u00e8re de faciliter les efforts du gouvernement du Canada pour soutenir le gouvernement et le peuple de l&rsquo;Ukraine dans leurs efforts de lutte contre l&rsquo;invasion ill\u00e9gale et le conflit de la Russie. Depuis lors, la CCC a pass\u00e9 plus de 90 contrats pour une valeur de presque 1,5 milliard de dollars destin\u00e9s \u00e0 l&rsquo;Ukraine pour des articles allant de l&rsquo;\u00e9quipement militaire aux <\/span><span data-contrast=\"auto\">v\u00eatements<\/span><span data-contrast=\"auto\"> d&rsquo;hiver tels que les bottes, les parkas, les sacs de couchage et les chauffages portables.<\/span><span data-ccp-props=\"{&quot;201341983&quot;:0,&quot;335559739&quot;:0,&quot;335559740&quot;:240}\">\u00a0<\/span><\/p><p><span data-contrast=\"auto\">En 2023-24, la CCC a collabor\u00e9 avec Affaires mondiales Canada pour acheter et livrer des syst\u00e8mes de d\u00e9minage t\u00e9l\u00e9command\u00e9s et des combinaisons anti-explosion. Le projet de d\u00e9minage est un \u00e9l\u00e9ment important du programme global d&rsquo;aide humanitaire du Canada \u00e0 l&rsquo;Ukraine et un \u00e9l\u00e9ment cl\u00e9 du futur travail de reconstruction du pays.\u00a0<\/span><span data-ccp-props=\"{&quot;201341983&quot;:0,&quot;335559739&quot;:0,&quot;335559740&quot;:240}\">\u00a0<\/span><\/p><p><span data-contrast=\"auto\">Quelques mois apr\u00e8s leur arriv\u00e9e en Ukraine, les machines de d\u00e9minage du Canada ont \u00e9t\u00e9 utilis\u00e9es avec succ\u00e8s pour \u00e9liminer des engins explosifs dans la r\u00e9gion de Kherson afin de restaurer des terres agricoles.<\/span><span data-ccp-props=\"{&quot;201341983&quot;:0,&quot;335559739&quot;:0,&quot;335559740&quot;:240}\">\u00a0<\/span><\/p><p><span data-contrast=\"none\">La CCC s&rsquo;engage \u00e0 optimiser ses activit\u00e9s pour ses clients. Nous continuons \u00e0 am\u00e9liorer l&rsquo;exp\u00e9rience et le soutien des clients en modernisant nos capacit\u00e9s num\u00e9riques, en encourageant une culture organisationnelle orient\u00e9e sur la performance et en maintenant de solides processus de gestion des risques.\u00a0<\/span><span data-ccp-props=\"{&quot;201341983&quot;:0,&quot;335559739&quot;:0,&quot;335559740&quot;:240}\">\u00a0<\/span><\/p><p><span data-contrast=\"none\">Ensemble, nous nous r\u00e9jouissons de faire conna\u00eetre encore plus le Canada au monde entier dans les ann\u00e9es \u00e0 venir.\u00a0<\/span><span data-ccp-props=\"{&quot;201341983&quot;:0,&quot;335559739&quot;:0,&quot;335559740&quot;:240}\">\u00a0<\/span><\/p><p><span data-contrast=\"none\">Merci de vous \u00eatre joints \u00e0 nous aujourd&rsquo;hui.<\/span><span data-ccp-props=\"{&quot;201341983&quot;:0,&quot;335559739&quot;:0,&quot;335559740&quot;:240}\">\u00a0<\/span><\/p><\/div>\n\t\t\t\t<\/div>\n\t\t\t\t\t\t\t\t<\/div>\n\t\t\t\t\t\t<\/div>\n\t\t\t\t<\/div>\n\t\t\t\t<div class=\"elementor-element elementor-element-22a2a7b elementor-widget__width-inherit elementor-widget elementor-widget-button\" data-id=\"22a2a7b\" data-element_type=\"widget\" data-e-type=\"widget\" data-widget_type=\"button.default\">\n\t\t\t\t<div class=\"elementor-widget-container\">\n\t\t\t\t\t\t\t\t\t<div class=\"elementor-button-wrapper\">\n\t\t\t\t\t<a class=\"elementor-button elementor-button-link elementor-size-sm\" href=\"https:\/\/www.ccc.ca\/fr\/a-propos\/rapports-dentreprise\/rapport-annuel-2023-2024\/\">\n\t\t\t\t\t\t<span class=\"elementor-button-content-wrapper\">\n\t\t\t\t\t\t\t\t\t<span class=\"elementor-button-text\">Rapport annuel 2023\/2024<\/span>\n\t\t\t\t\t<\/span>\n\t\t\t\t\t<\/a>\n\t\t\t\t<\/div>\n\t\t\t\t\t\t\t\t<\/div>\n\t\t\t\t<\/div>\n\t\t\t\t<div class=\"elementor-element elementor-element-48061a9 elementor-widget__width-inherit elementor-widget elementor-widget-button\" data-id=\"48061a9\" data-element_type=\"widget\" data-e-type=\"widget\" data-widget_type=\"button.default\">\n\t\t\t\t<div class=\"elementor-widget-container\">\n\t\t\t\t\t\t\t\t\t<div class=\"elementor-button-wrapper\">\n\t\t\t\t\t<a class=\"elementor-button elementor-button-link elementor-size-sm\" href=\"https:\/\/www.ccc.ca\/fr\/a-propos\/transparence-et-divulgation\/\">\n\t\t\t\t\t\t<span class=\"elementor-button-content-wrapper\">\n\t\t\t\t\t\t\t\t\t<span class=\"elementor-button-text\">Transparence et divulgation<\/span>\n\t\t\t\t\t<\/span>\n\t\t\t\t\t<\/a>\n\t\t\t\t<\/div>\n\t\t\t\t\t\t\t\t<\/div>\n\t\t\t\t<\/div>\n\t\t\t\t\t<\/div>\n\t\t<\/div>\n\t\t\t\t<div class=\"elementor-column elementor-col-50 elementor-top-column elementor-element elementor-element-64ece01\" data-id=\"64ece01\" data-element_type=\"column\" data-e-type=\"column\">\n\t\t\t<div class=\"elementor-widget-wrap elementor-element-populated\">\n\t\t\t\t\t\t<div class=\"elementor-element elementor-element-0174b25 elementor-widget elementor-widget-video\" data-id=\"0174b25\" data-element_type=\"widget\" data-e-type=\"widget\" data-settings=\"{&quot;youtube_url&quot;:&quot;https:\\\/\\\/youtu.be\\\/dGPm2Ergd_w&quot;,&quot;video_type&quot;:&quot;youtube&quot;,&quot;controls&quot;:&quot;yes&quot;}\" data-widget_type=\"video.default\">\n\t\t\t\t<div class=\"elementor-widget-container\">\n\t\t\t\t\t\t\t<div class=\"elementor-wrapper elementor-open-inline\">\n\t\t\t<div class=\"elementor-video\"><\/div>\t\t<\/div>\n\t\t\t\t\t\t<\/div>\n\t\t\t\t<\/div>\n\t\t\t\t\t<\/div>\n\t\t<\/div>\n\t\t\t\t\t<\/div>\n\t\t<\/section>\n\t\t\t\t<\/div>\n\t\t","protected":false},"excerpt":{"rendered":"<p>L&rsquo;assembl\u00e9e publique annuelle de la CCC est enti\u00e8rement virtuelle. Cette ann\u00e9e, l&rsquo;assembl\u00e9e propose des pr\u00e9sentations vid\u00e9o du pr\u00e9sident et chef de la direction, Bobby Kwon, du pr\u00e9sident du conseil d&rsquo;administration, Douglas Harrison, et de Diane Montambault, vice-pr\u00e9sidente des op\u00e9rations de gestion des contrats, qui reviennent sur une ann\u00e9e record \u00e0 la Corporation commerciale canadienne. Veuillez [&#8230;]<\/p>\n","protected":false},"author":49,"featured_media":0,"parent":15526,"menu_order":0,"comment_status":"closed","ping_status":"closed","template":"","meta":{"_acf_changed":false,"content-type":"","_relevanssi_hide_post":"","_relevanssi_hide_content":"","_relevanssi_pin_for_all":"","_relevanssi_pin_keywords":"","_relevanssi_unpin_keywords":"","_relevanssi_related_keywords":"","_relevanssi_related_include_ids":"","_relevanssi_related_exclude_ids":"","_relevanssi_related_no_append":"","_relevanssi_related_not_related":"","_relevanssi_related_posts":"","_relevanssi_noindex_reason":"","footnotes":""},"class_list":["post-37511","page","type-page","status-publish","hentry"],"acf":[],"yoast_head":"<!-- This site is optimized with the Yoast SEO Premium plugin v23.4 (Yoast SEO v27.4) - https:\/\/yoast.com\/product\/yoast-seo-premium-wordpress\/ -->\n<title>Assembl\u00e9e publique annuelle 2023\/2024 - Canadian Commercial Corporation (CCC)<\/title>\n<meta name=\"robots\" content=\"index, follow, max-snippet:-1, max-image-preview:large, max-video-preview:-1\" \/>\n<link rel=\"canonical\" href=\"https:\/\/www.ccc.ca\/fr\/a-propos\/transparence-et-divulgation\/assemblee-publique-annuelle-2023-2024\/\" \/>\n<meta property=\"og:locale\" content=\"fr_CA\" \/>\n<meta property=\"og:type\" content=\"article\" \/>\n<meta property=\"og:title\" content=\"Assembl\u00e9e publique annuelle 2023\/2024\" \/>\n<meta property=\"og:description\" content=\"L&rsquo;assembl\u00e9e publique annuelle de la CCC est enti\u00e8rement virtuelle. Cette ann\u00e9e, l&rsquo;assembl\u00e9e propose des pr\u00e9sentations vid\u00e9o du pr\u00e9sident et chef de la direction, Bobby Kwon, du pr\u00e9sident du conseil d&rsquo;administration, Douglas Harrison, et de Diane Montambault, vice-pr\u00e9sidente des op\u00e9rations de gestion des contrats, qui reviennent sur une ann\u00e9e record \u00e0 la Corporation commerciale canadienne. Veuillez [...]\" \/>\n<meta property=\"og:url\" content=\"https:\/\/www.ccc.ca\/fr\/a-propos\/transparence-et-divulgation\/assemblee-publique-annuelle-2023-2024\/\" \/>\n<meta property=\"og:site_name\" content=\"Canadian Commercial Corporation (CCC)\" \/>\n<meta property=\"article:publisher\" content=\"https:\/\/www.facebook.com\/CanadianCommercialCorporation\/\" \/>\n<meta property=\"article:modified_time\" content=\"2025-02-27T14:02:56+00:00\" \/>\n<meta property=\"og:image\" content=\"https:\/\/www.ccc.ca\/wp-content\/uploads\/2023\/05\/ccc-og.png\" \/>\n\t<meta property=\"og:image:width\" content=\"1200\" \/>\n\t<meta property=\"og:image:height\" content=\"675\" \/>\n\t<meta property=\"og:image:type\" content=\"image\/png\" \/>\n<meta name=\"twitter:card\" content=\"summary_large_image\" \/>\n<meta name=\"twitter:site\" content=\"@CanComCorp\" \/>\n<meta name=\"twitter:label1\" content=\"Estimation du temps de lecture\" \/>\n\t<meta name=\"twitter:data1\" content=\"17 minutes\" \/>\n<script type=\"application\/ld+json\" class=\"yoast-schema-graph\">{\"@context\":\"https:\\\/\\\/schema.org\",\"@graph\":[{\"@type\":\"WebPage\",\"@id\":\"https:\\\/\\\/www.ccc.ca\\\/fr\\\/a-propos\\\/transparence-et-divulgation\\\/assemblee-publique-annuelle-2023-2024\\\/\",\"url\":\"https:\\\/\\\/www.ccc.ca\\\/fr\\\/a-propos\\\/transparence-et-divulgation\\\/assemblee-publique-annuelle-2023-2024\\\/\",\"name\":\"Assembl\u00e9e publique annuelle 2023\\\/2024 - Canadian Commercial Corporation (CCC)\",\"isPartOf\":{\"@id\":\"https:\\\/\\\/www.ccc.ca\\\/fr\\\/#website\"},\"datePublished\":\"2025-02-19T16:04:08+00:00\",\"dateModified\":\"2025-02-27T14:02:56+00:00\",\"breadcrumb\":{\"@id\":\"https:\\\/\\\/www.ccc.ca\\\/fr\\\/a-propos\\\/transparence-et-divulgation\\\/assemblee-publique-annuelle-2023-2024\\\/#breadcrumb\"},\"inLanguage\":\"fr-CA\",\"potentialAction\":[{\"@type\":\"ReadAction\",\"target\":[\"https:\\\/\\\/www.ccc.ca\\\/fr\\\/a-propos\\\/transparence-et-divulgation\\\/assemblee-publique-annuelle-2023-2024\\\/\"]}]},{\"@type\":\"BreadcrumbList\",\"@id\":\"https:\\\/\\\/www.ccc.ca\\\/fr\\\/a-propos\\\/transparence-et-divulgation\\\/assemblee-publique-annuelle-2023-2024\\\/#breadcrumb\",\"itemListElement\":[{\"@type\":\"ListItem\",\"position\":1,\"name\":\"Accueil\",\"item\":\"https:\\\/\\\/www.ccc.ca\\\/fr\\\/\"},{\"@type\":\"ListItem\",\"position\":2,\"name\":\"\u00c0 propos de nous\",\"item\":\"https:\\\/\\\/www.ccc.ca\\\/fr\\\/about\\\/\"},{\"@type\":\"ListItem\",\"position\":3,\"name\":\"Transparence et divulgation\",\"item\":\"https:\\\/\\\/www.ccc.ca\\\/fr\\\/a-propos\\\/transparence-et-divulgation\\\/\"},{\"@type\":\"ListItem\",\"position\":4,\"name\":\"Assembl\u00e9e publique annuelle 2023\\\/2024\"}]},{\"@type\":\"WebSite\",\"@id\":\"https:\\\/\\\/www.ccc.ca\\\/fr\\\/#website\",\"url\":\"https:\\\/\\\/www.ccc.ca\\\/fr\\\/\",\"name\":\"Canadian Commercial Corporation (CCC)\",\"description\":\"\",\"publisher\":{\"@id\":\"https:\\\/\\\/www.ccc.ca\\\/fr\\\/#organization\"},\"potentialAction\":[{\"@type\":\"SearchAction\",\"target\":{\"@type\":\"EntryPoint\",\"urlTemplate\":\"https:\\\/\\\/www.ccc.ca\\\/fr\\\/?s={search_term_string}\"},\"query-input\":{\"@type\":\"PropertyValueSpecification\",\"valueRequired\":true,\"valueName\":\"search_term_string\"}}],\"inLanguage\":\"fr-CA\"},{\"@type\":[\"Organization\",\"Place\"],\"@id\":\"https:\\\/\\\/www.ccc.ca\\\/fr\\\/#organization\",\"name\":\"The Canadian Commercial Corporation (CCC)\",\"url\":\"https:\\\/\\\/www.ccc.ca\\\/fr\\\/\",\"logo\":{\"@id\":\"https:\\\/\\\/www.ccc.ca\\\/fr\\\/a-propos\\\/transparence-et-divulgation\\\/assemblee-publique-annuelle-2023-2024\\\/#local-main-organization-logo\"},\"image\":{\"@id\":\"https:\\\/\\\/www.ccc.ca\\\/fr\\\/a-propos\\\/transparence-et-divulgation\\\/assemblee-publique-annuelle-2023-2024\\\/#local-main-organization-logo\"},\"sameAs\":[\"https:\\\/\\\/www.facebook.com\\\/CanadianCommercialCorporation\\\/\",\"https:\\\/\\\/x.com\\\/CanComCorp\",\"https:\\\/\\\/www.linkedin.com\\\/company\\\/canadian-commercial-corporation\\\/\"],\"address\":{\"@id\":\"https:\\\/\\\/www.ccc.ca\\\/fr\\\/a-propos\\\/transparence-et-divulgation\\\/assemblee-publique-annuelle-2023-2024\\\/#local-main-place-address\"},\"telephone\":[\"1-613-996-0034\",\"1-800-748-8191\"],\"contactPoint\":{\"@type\":\"ContactPoint\",\"telephone\":\"1-613-996-0034\",\"email\":\"communications@ccc.ca\"},\"openingHoursSpecification\":[{\"@type\":\"OpeningHoursSpecification\",\"dayOfWeek\":[\"Monday\",\"Tuesday\",\"Wednesday\",\"Thursday\",\"Friday\",\"Saturday\",\"Sunday\"],\"opens\":\"09:00\",\"closes\":\"17:00\"}]},{\"@type\":\"PostalAddress\",\"@id\":\"https:\\\/\\\/www.ccc.ca\\\/fr\\\/a-propos\\\/transparence-et-divulgation\\\/assemblee-publique-annuelle-2023-2024\\\/#local-main-place-address\",\"streetAddress\":\"350 Albert Street, Suite 1100\",\"addressLocality\":\"Ottawa\",\"postalCode\":\"K1A 0S6\",\"addressRegion\":\"Ontario\",\"addressCountry\":\"CA\"},{\"@type\":\"ImageObject\",\"inLanguage\":\"fr-CA\",\"@id\":\"https:\\\/\\\/www.ccc.ca\\\/fr\\\/a-propos\\\/transparence-et-divulgation\\\/assemblee-publique-annuelle-2023-2024\\\/#local-main-organization-logo\",\"url\":\"https:\\\/\\\/www.ccc.ca\\\/wp-content\\\/uploads\\\/2023\\\/05\\\/ccc-og.png\",\"contentUrl\":\"https:\\\/\\\/www.ccc.ca\\\/wp-content\\\/uploads\\\/2023\\\/05\\\/ccc-og.png\",\"width\":1200,\"height\":675,\"caption\":\"The Canadian Commercial Corporation (CCC)\"}]}<\/script>\n<meta property=\"og:video\" content=\"https:\/\/www.youtube.com\/embed\/dGPm2Ergd_w\" \/>\n<meta property=\"og:video:type\" content=\"text\/html\" \/>\n<meta property=\"og:video:duration\" content=\"935\" \/>\n<meta property=\"og:video:width\" content=\"480\" \/>\n<meta property=\"og:video:height\" content=\"270\" \/>\n<meta property=\"ya:ovs:adult\" content=\"false\" \/>\n<meta property=\"ya:ovs:upload_date\" content=\"2025-02-19T16:04:08+00:00\" \/>\n<meta property=\"ya:ovs:allow_embed\" content=\"true\" \/>\n<meta name=\"geo.placename\" content=\"Ottawa\" \/>\n<meta name=\"geo.region\" content=\"Canada\" \/>\n<!-- \/ Yoast SEO Premium plugin. -->","yoast_head_json":{"title":"Assembl\u00e9e publique annuelle 2023\/2024 - Canadian Commercial Corporation (CCC)","robots":{"index":"index","follow":"follow","max-snippet":"max-snippet:-1","max-image-preview":"max-image-preview:large","max-video-preview":"max-video-preview:-1"},"canonical":"https:\/\/www.ccc.ca\/fr\/a-propos\/transparence-et-divulgation\/assemblee-publique-annuelle-2023-2024\/","og_locale":"fr_CA","og_type":"article","og_title":"Assembl\u00e9e publique annuelle 2023\/2024","og_description":"L&rsquo;assembl\u00e9e publique annuelle de la CCC est enti\u00e8rement virtuelle. Cette ann\u00e9e, l&rsquo;assembl\u00e9e propose des pr\u00e9sentations vid\u00e9o du pr\u00e9sident et chef de la direction, Bobby Kwon, du pr\u00e9sident du conseil d&rsquo;administration, Douglas Harrison, et de Diane Montambault, vice-pr\u00e9sidente des op\u00e9rations de gestion des contrats, qui reviennent sur une ann\u00e9e record \u00e0 la Corporation commerciale canadienne. Veuillez [...]","og_url":"https:\/\/www.ccc.ca\/fr\/a-propos\/transparence-et-divulgation\/assemblee-publique-annuelle-2023-2024\/","og_site_name":"Canadian Commercial Corporation (CCC)","article_publisher":"https:\/\/www.facebook.com\/CanadianCommercialCorporation\/","article_modified_time":"2025-02-27T14:02:56+00:00","og_image":[{"width":1200,"height":675,"url":"https:\/\/www.ccc.ca\/wp-content\/uploads\/2023\/05\/ccc-og.png","type":"image\/png"}],"twitter_card":"summary_large_image","twitter_site":"@CanComCorp","twitter_misc":{"Estimation du temps de lecture":"17 minutes"},"schema":{"@context":"https:\/\/schema.org","@graph":[{"@type":"WebPage","@id":"https:\/\/www.ccc.ca\/fr\/a-propos\/transparence-et-divulgation\/assemblee-publique-annuelle-2023-2024\/","url":"https:\/\/www.ccc.ca\/fr\/a-propos\/transparence-et-divulgation\/assemblee-publique-annuelle-2023-2024\/","name":"Assembl\u00e9e publique annuelle 2023\/2024 - Canadian Commercial Corporation (CCC)","isPartOf":{"@id":"https:\/\/www.ccc.ca\/fr\/#website"},"datePublished":"2025-02-19T16:04:08+00:00","dateModified":"2025-02-27T14:02:56+00:00","breadcrumb":{"@id":"https:\/\/www.ccc.ca\/fr\/a-propos\/transparence-et-divulgation\/assemblee-publique-annuelle-2023-2024\/#breadcrumb"},"inLanguage":"fr-CA","potentialAction":[{"@type":"ReadAction","target":["https:\/\/www.ccc.ca\/fr\/a-propos\/transparence-et-divulgation\/assemblee-publique-annuelle-2023-2024\/"]}]},{"@type":"BreadcrumbList","@id":"https:\/\/www.ccc.ca\/fr\/a-propos\/transparence-et-divulgation\/assemblee-publique-annuelle-2023-2024\/#breadcrumb","itemListElement":[{"@type":"ListItem","position":1,"name":"Accueil","item":"https:\/\/www.ccc.ca\/fr\/"},{"@type":"ListItem","position":2,"name":"\u00c0 propos de nous","item":"https:\/\/www.ccc.ca\/fr\/about\/"},{"@type":"ListItem","position":3,"name":"Transparence et divulgation","item":"https:\/\/www.ccc.ca\/fr\/a-propos\/transparence-et-divulgation\/"},{"@type":"ListItem","position":4,"name":"Assembl\u00e9e publique annuelle 2023\/2024"}]},{"@type":"WebSite","@id":"https:\/\/www.ccc.ca\/fr\/#website","url":"https:\/\/www.ccc.ca\/fr\/","name":"Canadian Commercial Corporation (CCC)","description":"","publisher":{"@id":"https:\/\/www.ccc.ca\/fr\/#organization"},"potentialAction":[{"@type":"SearchAction","target":{"@type":"EntryPoint","urlTemplate":"https:\/\/www.ccc.ca\/fr\/?s={search_term_string}"},"query-input":{"@type":"PropertyValueSpecification","valueRequired":true,"valueName":"search_term_string"}}],"inLanguage":"fr-CA"},{"@type":["Organization","Place"],"@id":"https:\/\/www.ccc.ca\/fr\/#organization","name":"The Canadian Commercial Corporation (CCC)","url":"https:\/\/www.ccc.ca\/fr\/","logo":{"@id":"https:\/\/www.ccc.ca\/fr\/a-propos\/transparence-et-divulgation\/assemblee-publique-annuelle-2023-2024\/#local-main-organization-logo"},"image":{"@id":"https:\/\/www.ccc.ca\/fr\/a-propos\/transparence-et-divulgation\/assemblee-publique-annuelle-2023-2024\/#local-main-organization-logo"},"sameAs":["https:\/\/www.facebook.com\/CanadianCommercialCorporation\/","https:\/\/x.com\/CanComCorp","https:\/\/www.linkedin.com\/company\/canadian-commercial-corporation\/"],"address":{"@id":"https:\/\/www.ccc.ca\/fr\/a-propos\/transparence-et-divulgation\/assemblee-publique-annuelle-2023-2024\/#local-main-place-address"},"telephone":["1-613-996-0034","1-800-748-8191"],"contactPoint":{"@type":"ContactPoint","telephone":"1-613-996-0034","email":"communications@ccc.ca"},"openingHoursSpecification":[{"@type":"OpeningHoursSpecification","dayOfWeek":["Monday","Tuesday","Wednesday","Thursday","Friday","Saturday","Sunday"],"opens":"09:00","closes":"17:00"}]},{"@type":"PostalAddress","@id":"https:\/\/www.ccc.ca\/fr\/a-propos\/transparence-et-divulgation\/assemblee-publique-annuelle-2023-2024\/#local-main-place-address","streetAddress":"350 Albert Street, Suite 1100","addressLocality":"Ottawa","postalCode":"K1A 0S6","addressRegion":"Ontario","addressCountry":"CA"},{"@type":"ImageObject","inLanguage":"fr-CA","@id":"https:\/\/www.ccc.ca\/fr\/a-propos\/transparence-et-divulgation\/assemblee-publique-annuelle-2023-2024\/#local-main-organization-logo","url":"https:\/\/www.ccc.ca\/wp-content\/uploads\/2023\/05\/ccc-og.png","contentUrl":"https:\/\/www.ccc.ca\/wp-content\/uploads\/2023\/05\/ccc-og.png","width":1200,"height":675,"caption":"The Canadian Commercial Corporation (CCC)"}]},"og_video":"https:\/\/www.youtube.com\/embed\/dGPm2Ergd_w","og_video_type":"text\/html","og_video_duration":"935","og_video_width":"480","og_video_height":"270","ya_ovs_adult":"false","ya_ovs_upload_date":"2025-02-19T16:04:08+00:00","ya_ovs_allow_embed":"true","geo.placename":"Ottawa","geo.region":"Canada"},"_links":{"self":[{"href":"https:\/\/www.ccc.ca\/fr\/wp-json\/wp\/v2\/pages\/37511","targetHints":{"allow":["GET"]}}],"collection":[{"href":"https:\/\/www.ccc.ca\/fr\/wp-json\/wp\/v2\/pages"}],"about":[{"href":"https:\/\/www.ccc.ca\/fr\/wp-json\/wp\/v2\/types\/page"}],"author":[{"embeddable":true,"href":"https:\/\/www.ccc.ca\/fr\/wp-json\/wp\/v2\/users\/49"}],"replies":[{"embeddable":true,"href":"https:\/\/www.ccc.ca\/fr\/wp-json\/wp\/v2\/comments?post=37511"}],"version-history":[{"count":0,"href":"https:\/\/www.ccc.ca\/fr\/wp-json\/wp\/v2\/pages\/37511\/revisions"}],"up":[{"embeddable":true,"href":"https:\/\/www.ccc.ca\/fr\/wp-json\/wp\/v2\/pages\/15526"}],"wp:attachment":[{"href":"https:\/\/www.ccc.ca\/fr\/wp-json\/wp\/v2\/media?parent=37511"}],"curies":[{"name":"wp","href":"https:\/\/api.w.org\/{rel}","templated":true}]}}