{"id":489,"date":"2019-05-24T12:33:09","date_gmt":"2019-05-24T16:33:09","guid":{"rendered":"https:\/\/www.ccc.ca\/?page_id=489"},"modified":"2025-02-11T14:08:12","modified_gmt":"2025-02-11T19:08:12","slug":"engagement-relatif-a-la-conduite-responsable-des-entreprises","status":"publish","type":"page","link":"https:\/\/www.ccc.ca\/fr\/a-propos\/engagement-relatif-a-la-conduite-responsable-des-entreprises\/","title":{"rendered":"Engagement relatif \u00e0 la conduite responsable des entreprises"},"content":{"rendered":"\t\t<div data-elementor-type=\"wp-post\" data-elementor-id=\"489\" class=\"elementor elementor-489 elementor-488\" data-elementor-post-type=\"page\">\n\t\t\t\t\t\t<section class=\"elementor-section elementor-top-section elementor-element elementor-element-c99228e elementor-section-boxed elementor-section-height-default elementor-section-height-default\" data-id=\"c99228e\" data-element_type=\"section\" data-e-type=\"section\" data-settings=\"{&quot;background_background&quot;:&quot;classic&quot;}\">\n\t\t\t\t\t\t<div class=\"elementor-container elementor-column-gap-default\">\n\t\t\t\t\t<div class=\"elementor-column elementor-col-100 elementor-top-column elementor-element elementor-element-87130cf\" data-id=\"87130cf\" data-element_type=\"column\" data-e-type=\"column\">\n\t\t\t<div class=\"elementor-widget-wrap elementor-element-populated\">\n\t\t\t\t\t\t<div class=\"elementor-element elementor-element-101680b lead-text-bold elementor-widget elementor-widget-text-editor\" data-id=\"101680b\" data-element_type=\"widget\" data-e-type=\"widget\" data-widget_type=\"text-editor.default\">\n\t\t\t\t<div class=\"elementor-widget-container\">\n\t\t\t\t\t\t\t\t\t<p>Le Cadre pour la conduite responsable des entreprises de la CCC d\u00e9finit notre engagement \u00e0 veiller \u00e0 ce que nous et les entreprises avec lesquelles nous travaillons exercions nos activit\u00e9s de mani\u00e8re responsable sur les plans environnemental, social et \u00e9thique au Canada et \u00e0 l\u2019\u00e9tranger.<\/p>\t\t\t\t\t\t\t\t<\/div>\n\t\t\t\t<\/div>\n\t\t\t\t\t<\/div>\n\t\t<\/div>\n\t\t\t\t\t<\/div>\n\t\t<\/section>\n\t\t\t\t<section class=\"elementor-section elementor-top-section elementor-element elementor-element-2009140c elementor-section-boxed elementor-section-height-default elementor-section-height-default\" data-id=\"2009140c\" data-element_type=\"section\" data-e-type=\"section\">\n\t\t\t\t\t\t<div class=\"elementor-container elementor-column-gap-default\">\n\t\t\t\t\t<div class=\"elementor-column elementor-col-50 elementor-top-column elementor-element elementor-element-4b2012f9\" data-id=\"4b2012f9\" data-element_type=\"column\" data-e-type=\"column\">\n\t\t\t<div class=\"elementor-widget-wrap elementor-element-populated\">\n\t\t\t\t\t\t<div class=\"elementor-element elementor-element-9226d4b elementor-widget elementor-widget-text-editor\" data-id=\"9226d4b\" data-element_type=\"widget\" data-e-type=\"widget\" data-widget_type=\"text-editor.default\">\n\t\t\t\t<div class=\"elementor-widget-container\">\n\t\t\t\t\t\t\t\t\t<h2>Qu\u2019est-ce que la conduite responsable des entreprises?<\/h2><p><a href=\"https:\/\/www.international.gc.ca\/trade-agreements-accords-commerciaux\/topics-domaines\/other-autre\/csr-rse.aspx?lang=fra\" target=\"_blank\" rel=\"noopener\">La conduite responsable des entreprises<\/a>\u00a0(CRE) d\u00e9crit les entreprises qui soutiennent la durabilit\u00e9 \u00e9conomique, sociale et environnementale dans le cadre de leurs affaires. Essentiellement, la CRE garantit que les entreprises canadiennes respectent les droits de la personne et se conforment aux lois applicables au Canada et dans les pays \u00e9trangers, ainsi qu\u2019aux normes internationales. Toutefois, un engagement envers les principes de la CRE va plus loin que le simple respect des lois. Il s\u2019agit d\u2019agir de fa\u00e7on responsable, \u00e9thique et durable parce que c\u2019est la bonne chose \u00e0 faire.<\/p>\t\t\t\t\t\t\t\t<\/div>\n\t\t\t\t<\/div>\n\t\t\t\t<div class=\"elementor-element elementor-element-bb19425 elementor-widget elementor-widget-text-editor\" data-id=\"bb19425\" data-element_type=\"widget\" data-e-type=\"widget\" data-widget_type=\"text-editor.default\">\n\t\t\t\t<div class=\"elementor-widget-container\">\n\t\t\t\t\t\t\t\t\t<h3><strong>Pourquoi la conduite responsable des entreprises est-elle importante?<\/strong><\/h3><p>La conduite responsable des entreprises est importante pour toute entreprise, peu importe sa taille et son secteur d\u2019activit\u00e9. Ce principe permet de s\u2019assurer que les entreprises contribuent de fa\u00e7on positive dans les communaut\u00e9s o\u00f9 elles exercent leurs activit\u00e9s. Il permet \u00e9galement aux entreprises d\u2019\u00e9valuer leurs secteurs de risque afin de r\u00e9duire les r\u00e9percussions n\u00e9gatives et de r\u00e9gler les probl\u00e8mes s\u2019ils surviennent.<\/p><p>D\u2019un point de vue d\u2019affaires, en d\u00e9montrant que ses pratiques commerciales sont responsables et \u00e9thiques, une entreprise peut \u00e9galement am\u00e9liorer ses r\u00e9sultats financiers en \u00e9vitant les frais juridiques d\u00e9coulant de violations des droits de la personne. La CRE peut en outre am\u00e9liorer la r\u00e9putation d\u2019une entreprise \u00e0 l\u2019\u00e9chelle internationale, ce qui permet d\u2019attirer des employ\u00e9s qualifi\u00e9s, de renforcer la fid\u00e9lit\u00e9 des consommateurs et d\u2019accro\u00eetre sa part de march\u00e9.<\/p>\t\t\t\t\t\t\t\t<\/div>\n\t\t\t\t<\/div>\n\t\t\t\t<div class=\"elementor-element elementor-element-0aed2c5 elementor-widget elementor-widget-text-editor\" data-id=\"0aed2c5\" data-element_type=\"widget\" data-e-type=\"widget\" data-widget_type=\"text-editor.default\">\n\t\t\t\t<div class=\"elementor-widget-container\">\n\t\t\t\t\t\t\t\t\t<h3>Comment la CCC aide-t-elle les exportateurs canadiens \u00e0 mener leurs affaires de fa\u00e7on responsable?<\/h3><p>En tant que soci\u00e9t\u00e9 d\u2019\u00c9tat f\u00e9d\u00e9rale, la CCC s\u2019est engag\u00e9e \u00e0 faire la promotion des pratiques commerciales responsables. Nous aidons les entreprises canadiennes qui vendent \u00e0 des gouvernements \u00e9trangers \u00e0 comprendre les exigences de la CRE, et nous nous assurons que ces principes restent au c\u0153ur des activit\u00e9s de ces entreprises \u00e0 l\u2019\u00e9tranger. Nous nous engageons \u00e9galement \u00e0 faire en sorte que notre propre organisation fonctionne d\u2019une mani\u00e8re socialement responsable.<\/p><p>\u00c0 cette fin, en 2018 la CCC a revu ses pratiques d\u2019\u00e9valuation des risques et de v\u00e9rification diligente des transactions pour s\u2019assurer que la CRE, les droits de la personne et la transparence demeurent des principes directeurs fondamentaux au sein de l\u2019organisation. Nous avons \u00e9galement int\u00e9gr\u00e9 les obligations internationales du Canada en mati\u00e8re de droits de la personne dans nos politiques et proc\u00e9dures op\u00e9rationnelles.<\/p>\t\t\t\t\t\t\t\t<\/div>\n\t\t\t\t<\/div>\n\t\t\t\t<div class=\"elementor-element elementor-element-515275b elementor-widget elementor-widget-text-editor\" data-id=\"515275b\" data-element_type=\"widget\" data-e-type=\"widget\" data-widget_type=\"text-editor.default\">\n\t\t\t\t<div class=\"elementor-widget-container\">\n\t\t\t\t\t\t\t\t\t<h4>Code de conduite et d\u2019\u00e9thique commerciale<\/h4><p>Le\u00a0<a href=\"https:\/\/www.ccc.ca\/wp-content\/uploads\/2024\/07\/PG-002-FR_Code-of-Conduct-and-Business-Ethics.pdf\" target=\"_blank\" rel=\"noopener\">Code de conduite et d\u2019\u00e9thique commerciale<\/a>\u00a0de la CCC est la pierre angulaire de nos politiques de CRE. Ce Code favorise un environnement de travail positif, respectueux et professionnel et donne aux exportateurs canadiens l\u2019assurance que, lorsqu\u2019ils travaillent avec la CCC, ils peuvent s\u2019attendre \u00e0 un comportement responsable, durable et \u00e9thique. Chaque ann\u00e9e, tous les employ\u00e9s de la CCC doivent accepter de se conformer au Code pour s\u2019assurer qu\u2019ils comprennent leurs obligations. Ils acceptent \u00e9galement de toujours repr\u00e9senter la CCC, le Canada et la communaut\u00e9 des exportateurs avec int\u00e9grit\u00e9.<\/p>\t\t\t\t\t\t\t\t<\/div>\n\t\t\t\t<\/div>\n\t\t\t\t<div class=\"elementor-element elementor-element-33b223a elementor-widget elementor-widget-text-editor\" data-id=\"33b223a\" data-element_type=\"widget\" data-e-type=\"widget\" data-widget_type=\"text-editor.default\">\n\t\t\t\t<div class=\"elementor-widget-container\">\n\t\t\t\t\t\t\t\t\t<h4>Le Code de la CCC pour les exportateurs<\/h4><p>La CCC s\u2019engage \u00e0 fonctionner de mani\u00e8re responsable, transparente et \u00e9thique, conform\u00e9ment \u00e0 sa strat\u00e9gie ESG et \u00e0 son engagement en faveur d\u2019une conduite responsable des affaires. Nous attendons la m\u00eame chose des exportateurs avec lesquels nous travaillons.<\/p><p><a href=\"https:\/\/www.ccc.ca\/wp-content\/uploads\/2023\/03\/Exporter-Code-of-Conduct-FR-2023-1.pdf\" target=\"_blank\" rel=\"noopener\">Le Code de la CCC pour les exportateurs<\/a>\u00a0d\u00e9crit diverses normes de performance dans les domaines de la lutte contre la corruption, des droits de la personne et de la protection de l\u2019environnement. La CCC encourage les exportateurs \u00e0 adopter des politiques et des pratiques dans ces domaines et \u00e0 diffuser ces principes dans leur cha\u00eene d\u2019approvisionnement. Cela signifie qu\u2019ils doivent respecter ces valeurs dans leurs actions et leurs op\u00e9rations. Nous comprenons l\u2019importance de pouvoir signaler les pr\u00e9occupations et nous encourageons donc tous les intervenants \u00e0 signaler tout acte r\u00e9pr\u00e9hensible potentiel li\u00e9 aux projets de la CCC.<\/p>\t\t\t\t\t\t\t\t<\/div>\n\t\t\t\t<\/div>\n\t\t\t\t<div class=\"elementor-element elementor-element-63f1ac0 elementor-widget elementor-widget-text-editor\" data-id=\"63f1ac0\" data-element_type=\"widget\" data-e-type=\"widget\" data-widget_type=\"text-editor.default\">\n\t\t\t\t<div class=\"elementor-widget-container\">\n\t\t\t\t\t\t\t\t\t<h4>Politique de transparence et de responsabilit\u00e9<\/h4><p>Nous nous engageons \u00e0 mener nos activit\u00e9s dans la transparence et la responsabilit\u00e9. Nous croyons que la divulgation de l\u2019information et la transparence des processus d\u00e9cisionnels permettent aux intervenants de tenir la CCC responsable et de promouvoir la gestion efficace des ressources.<\/p><p><a href=\"https:\/\/www.ccc.ca\/fr\/a-propos\/transparence-et-divulgation\/\">La divulgation d\u2019information par la CCC<\/a>\u00a0permet au Parlement d\u2019\u00e9valuer notre rendement et au public canadien de voir que nous utilisons les fonds publics de fa\u00e7on responsable. Nous reconnaissons \u00e9galement que la transparence et la responsabilisation sont des \u00e9l\u00e9ments essentiels de notre fa\u00e7on de mener nos activit\u00e9s et de remplir notre mandat, qui est de favoriser le commerce entre le Canada et les autres pays. Par cons\u00e9quent, la\u00a0<a href=\"https:\/\/www.ccc.ca\/wp-content\/uploads\/2024\/07\/PG-004-FR_Transparency-and-Accountability-Policy.pdf\" target=\"_blank\" rel=\"noopener\">Politique de transparence et de responsabilit\u00e9 de la CCC<\/a>\u00a0fournit les directives n\u00e9cessaires pour faire en sorte que nous divulguons r\u00e9guli\u00e8rement et de fa\u00e7on proactive des renseignements sur nos activit\u00e9s commerciales.<\/p>\t\t\t\t\t\t\t\t<\/div>\n\t\t\t\t<\/div>\n\t\t\t\t<section class=\"elementor-section elementor-inner-section elementor-element elementor-element-24c5185 elementor-section-boxed elementor-section-height-default elementor-section-height-default\" data-id=\"24c5185\" data-element_type=\"section\" data-e-type=\"section\">\n\t\t\t\t\t\t<div class=\"elementor-container elementor-column-gap-default\">\n\t\t\t\t\t<div class=\"elementor-column elementor-col-100 elementor-inner-column elementor-element elementor-element-16f7a4a\" data-id=\"16f7a4a\" data-element_type=\"column\" data-e-type=\"column\">\n\t\t\t<div class=\"elementor-widget-wrap elementor-element-populated\">\n\t\t\t\t\t\t<div class=\"elementor-element elementor-element-03daee6 elementor-widget elementor-widget-heading\" data-id=\"03daee6\" data-element_type=\"widget\" data-e-type=\"widget\" data-widget_type=\"heading.default\">\n\t\t\t\t<div class=\"elementor-widget-container\">\n\t\t\t\t\t<span class=\"elementor-heading-title elementor-size-default\"><span style=\"font-weight: 400\">Avez-vous des informations relatives \u00e0 des actes r\u00e9pr\u00e9hensibles, r\u00e9els ou potentiels, \u00e0 un comportement contraire \u00e0 l'\u00e9thique, \u00e0 des pr\u00e9occupations en mati\u00e8re d'int\u00e9grit\u00e9 ou de droits de l'homme dans les projets de CCC ?<\/span><\/span>\t\t\t\t<\/div>\n\t\t\t\t<\/div>\n\t\t\t\t<div class=\"elementor-element elementor-element-bc45cb5 elementor-widget elementor-widget-text-editor\" data-id=\"bc45cb5\" data-element_type=\"widget\" data-e-type=\"widget\" data-widget_type=\"text-editor.default\">\n\t\t\t\t<div class=\"elementor-widget-container\">\n\t\t\t\t\t\t\t\t\t<p><a class=\"chevron-link\" href=\"https:\/\/www.ccc.ca\/fr\/a-propos\/transparence-et-divulgation\/divulgation-dactes-reprehensibles\/\">Soumettre une divulgation d&rsquo;actes r\u00e9pr\u00e9hensibles<\/a><\/p>\t\t\t\t\t\t\t\t<\/div>\n\t\t\t\t<\/div>\n\t\t\t\t<div class=\"elementor-element elementor-element-12b9b75 elementor-widget elementor-widget-image\" data-id=\"12b9b75\" data-element_type=\"widget\" data-e-type=\"widget\" data-widget_type=\"image.default\">\n\t\t\t\t<div class=\"elementor-widget-container\">\n\t\t\t\t\t\t\t\t\t\t\t\t\t\t\t<img loading=\"lazy\" decoding=\"async\" loading=\"lazy\" width=\"50\" height=\"50\" src=\"https:\/\/www.ccc.ca\/wp-content\/uploads\/2023\/05\/C-block-1.png\" class=\"attachment-large size-large wp-image-33451\" alt=\"\" \/>\t\t\t\t\t\t\t\t\t\t\t\t\t\t\t<\/div>\n\t\t\t\t<\/div>\n\t\t\t\t\t<\/div>\n\t\t<\/div>\n\t\t\t\t\t<\/div>\n\t\t<\/section>\n\t\t\t\t<div class=\"elementor-element elementor-element-14b15ac elementor-widget elementor-widget-text-editor\" data-id=\"14b15ac\" data-element_type=\"widget\" data-e-type=\"widget\" data-widget_type=\"text-editor.default\">\n\t\t\t\t<div class=\"elementor-widget-container\">\n\t\t\t\t\t\t\t\t\t<h3>Quelles autres politiques la CCC a-t-elle mise en place pour assurer une conduite responsable des entreprises?<\/h3><p>\u00c0 la CCC, nous croyons qu\u2019en tant que Canadiens, nous devons donner l\u2019exemple. Nous prenons nos responsabilit\u00e9s au s\u00e9rieux et nous avons pris des mesures pour nous assurer que la CRE fait partie de la fa\u00e7on dont nous et les Canadiens avec qui nous travaillons \u00e0 l\u2019\u00e9tranger nous comportons.<\/p><p>Les documents-cadres, les politiques et les instructions qui suivent r\u00e9gissent notre comportement et d\u00e9finissent notre engagement \u00e0 exercer nos activit\u00e9s d\u2019une mani\u00e8re qui respecte les principes de la CRE au quotidien\u00a0:<\/p><div class=\"chevron-list\"><ul><li><a href=\"https:\/\/www.ccc.ca\/wp-content\/uploads\/2024\/07\/PG-103-FR-Politique-cadre-pour-la-conduite-responsable-des-entreprises-1.pdf\" target=\"_blank\" rel=\"noopener\">Cadre de gouvernance strat\u00e9gique de la CCC<\/a><\/li><li><a href=\"https:\/\/www.ccc.ca\/wp-content\/uploads\/2024\/07\/PG-004-FR_Transparency-and-Accountability-Policy.pdf\" target=\"_blank\" rel=\"noopener\">Politique sur la transparence et de responsabilisation de la CCC<\/a><\/li><li><a href=\"https:\/\/www.ccc.ca\/wp-content\/uploads\/2024\/07\/PG-103-FR-Politique-cadre-pour-la-conduite-responsable-des-entreprises.pdf\" target=\"_blank\" rel=\"noopener\">Cadre pour la conduite responsable des entreprises de la CCC<\/a><\/li><li><a href=\"https:\/\/www.ccc.ca\/wp-content\/uploads\/2019\/12\/4.-Cadre-visuel-de-conduite-responsable-des-entreprises-de-la-CCC.pdf\" target=\"_blank\" rel=\"noopener\">Cadre visuel de conduite responsable des entreprises de la CCC<\/a><\/li><\/ul><h4><strong>Directives sur la conduite des employ\u00e9s\u00a0:<\/strong><\/h4><ul><li><a href=\"https:\/\/www.ccc.ca\/wp-content\/uploads\/2024\/07\/PG-002-FR_Code-of-Conduct-and-Business-Ethics.pdf\" target=\"_blank\" rel=\"noopener\">Code de conduite et de d\u00e9ontologie des affaires de la CCC<\/a><\/li><\/ul><h4><strong>Directives sur la protection de l\u2019environnement\u00a0:<\/strong><\/h4><ul><li><a href=\"https:\/\/www.ccc.ca\/wp-content\/uploads\/2019\/12\/6.-Directive-d%E2%80%99examen-environnementale-de-la-CCC-1.pdf\" target=\"_blank\" rel=\"noopener\">Directive d\u2019examen environnementale de la CCC<\/a><\/li><\/ul><h4><strong>Directives sur la protection des personnes touch\u00e9es par notre travail\u00a0:<\/strong><\/h4><ul><li><a href=\"https:\/\/www.ccc.ca\/wp-content\/uploads\/2024\/07\/PG-107-FR-Politique-en-matiere-de-droits-de-la-personne.pdf\" target=\"_blank\" rel=\"noopener\">Politique en mati\u00e8re de droits de la personne de la CCC<\/a><\/li><li><a href=\"https:\/\/www.ccc.ca\/wp-content\/uploads\/2024\/11\/Human-Rights-Exporter-Questions-Defence-and-Security-FR.pdf\" target=\"_blank\" rel=\"noopener\">Questions \u00e0 l\u2019intention des exportateurs sur la diligence raisonnable en mati\u00e8re de droits de la personne de la CCC \u2013 D\u00e9fense et s\u00e9curit\u00e9<\/a><\/li><li><a href=\"https:\/\/www.ccc.ca\/wp-content\/uploads\/2019\/12\/9.-Lignes-directrices-de-la-CCC-sur-la-diligence-raisonnable-en-mati%C3%A8re-de-droits-de-la-personne-%E2%80%93-D%C3%A9fense-et-s%C3%A9curit%C3%A9.pdf\" target=\"_blank\" rel=\"noopener\">Lignes directrices de la CCC sur la diligence raisonnable en mati\u00e8re de droits de la personne \u2013 D\u00e9fense et s\u00e9curit\u00e9<\/a><\/li><li><a href=\"https:\/\/www.ccc.ca\/wp-content\/uploads\/2024\/07\/IN-101-FR-Directive-sur-la-diligence-raisonnable-en-matiere-de-droits-de-la-personne.pdf\" target=\"_blank\" rel=\"noopener\">Directive sur la diligence raisonnable en mati\u00e8re de droits de la personne de la CCC<\/a><\/li><li><a href=\"https:\/\/www.ccc.ca\/wp-content\/uploads\/2024\/11\/Exporter-Questions-Infrastructure-FR.pdf\" target=\"_blank\" rel=\"noopener\">Questions \u00e0 l\u2019intention des exportateurs sur la diligence raisonnable en mati\u00e8re de droits de la personne de la CCC\u00a0\u2013 Infrastructure<\/a><\/li><li><a href=\"https:\/\/www.ccc.ca\/wp-content\/uploads\/2019\/12\/12.-Lignes-directrices-de-la-CCC-sur-la-diligence-raisonnable-en-mati%C3%A8re-de-droits-de-la-personne-%E2%80%93-Infrastructure.pdf\" target=\"_blank\" rel=\"noopener\">Lignes directrices de la CCC sur la diligence raisonnable en mati\u00e8re de droits de la personne\u00a0\u2013 Infrastructure<\/a><\/li><\/ul><h4><strong>Directives sur le choix des exportateurs canadiens avec lesquels nous travaillons\u00a0:<\/strong><\/h4><ul><li><a href=\"https:\/\/www.ccc.ca\/wp-content\/uploads\/2024\/11\/Integrity-Compliance-Instruction-2022-FR.pdf\" target=\"_blank\" rel=\"noopener\">Directive sur le respect de l\u2019int\u00e9grit\u00e9 de la CCC\u00a0<\/a><\/li><li><a href=\"https:\/\/www.ccc.ca\/wp-content\/uploads\/2024\/11\/Integrity-Compliance-guidance-document-FR.pdf\" target=\"_blank\" rel=\"noopener\">Conformit\u00e9 en mati\u00e8re d\u2019int\u00e9grit\u00e9 de la CCC \u2013 Guide<\/a><\/li><li><a href=\"https:\/\/www.ccc.ca\/wp-content\/uploads\/2024\/11\/Enhanced-Managerial-Review-Guideline-FR.pdf\" target=\"_blank\" rel=\"noopener\">Ligne directrice de la CCC sur l\u2019examen de gestion approfondi<\/a><\/li><li><a href=\"https:\/\/www.ccc.ca\/wp-content\/uploads\/2024\/11\/Cuba-Questionnaire-de-diligence-raisonnable.pdf\" target=\"_blank\" rel=\"noopener\">Questionnaire de v\u00e9rification pr\u00e9alable de la CCC \u2013 Cuba<\/a><\/li><li><a href=\"https:\/\/www.ccc.ca\/wp-content\/uploads\/2024\/11\/DPSA-Questionnaire-de-diligence-raisonnable.pdf\" target=\"_blank\" rel=\"noopener\">Questionnaire de v\u00e9rification pr\u00e9alable de la CCC \u2013 Accord sur le partage de la production de d\u00e9fense (APPD)<\/a><\/li><li><a href=\"https:\/\/www.ccc.ca\/wp-content\/uploads\/2024\/11\/IPC-Questionnaire-de-diligence-raisonnable-Dentreprise.pdf\" target=\"_blank\" rel=\"noopener\">Questionnaire de diligence raisonnable \u2013 D\u2019entreprise<\/a><\/li><li><a href=\"https:\/\/www.ccc.ca\/wp-content\/uploads\/2024\/11\/IPC-Questionnaire-de-diligence-raisonnable-Projet.pdf\" target=\"_blank\" rel=\"noopener\">Questionnaire de diligence raisonnable \u2013 Projet<\/a><\/li><li><a href=\"https:\/\/www.ccc.ca\/wp-content\/uploads\/2024\/07\/Sourcing-Questionnaire-de-diligence-raisonnable-fillable-1.pdf\" target=\"_blank\" rel=\"noopener\">Questionnaire de v\u00e9rification pr\u00e9alable de la CCC \u2013 Approvisionnement<\/a><\/li><\/ul><\/div>\t\t\t\t\t\t\t\t<\/div>\n\t\t\t\t<\/div>\n\t\t\t\t\t<\/div>\n\t\t<\/div>\n\t\t\t\t<div class=\"elementor-column elementor-col-50 elementor-top-column elementor-element elementor-element-6b45963\" data-id=\"6b45963\" data-element_type=\"column\" data-e-type=\"column\">\n\t\t\t<div class=\"elementor-widget-wrap elementor-element-populated\">\n\t\t\t\t\t\t<section class=\"elementor-section elementor-inner-section elementor-element elementor-element-15bee48 elementor-section-boxed elementor-section-height-default elementor-section-height-default\" data-id=\"15bee48\" data-element_type=\"section\" data-e-type=\"section\" data-settings=\"{&quot;background_background&quot;:&quot;classic&quot;}\">\n\t\t\t\t\t\t<div class=\"elementor-container elementor-column-gap-default\">\n\t\t\t\t\t<div class=\"elementor-column elementor-col-100 elementor-inner-column elementor-element elementor-element-c448a0a\" data-id=\"c448a0a\" data-element_type=\"column\" data-e-type=\"column\">\n\t\t\t<div class=\"elementor-widget-wrap elementor-element-populated\">\n\t\t\t\t\t\t<div class=\"elementor-element elementor-element-033d45a elementor-widget elementor-widget-heading\" data-id=\"033d45a\" data-element_type=\"widget\" data-e-type=\"widget\" data-widget_type=\"heading.default\">\n\t\t\t\t<div class=\"elementor-widget-container\">\n\t\t\t\t\t<span class=\"elementor-heading-title elementor-size-default\">Cherchez-vous \u00e0 obtenir des contrats de gouvernements \u00e9trangers? Nous pouvons vous aider.\n<\/span>\t\t\t\t<\/div>\n\t\t\t\t<\/div>\n\t\t\t\t<div class=\"elementor-element elementor-element-5ae1ef3 elementor-align-left elementor-widget elementor-widget-button\" data-id=\"5ae1ef3\" data-element_type=\"widget\" data-e-type=\"widget\" data-widget_type=\"button.default\">\n\t\t\t\t<div class=\"elementor-widget-container\">\n\t\t\t\t\t\t\t\t\t<div class=\"elementor-button-wrapper\">\n\t\t\t\t\t<a class=\"elementor-button elementor-button-link elementor-size-sm\" href=\"\/fr\/exportateurs-canadiens\/\">\n\t\t\t\t\t\t<span class=\"elementor-button-content-wrapper\">\n\t\t\t\t\t\t\t\t\t<span class=\"elementor-button-text\">Lire la suite<\/span>\n\t\t\t\t\t<\/span>\n\t\t\t\t\t<\/a>\n\t\t\t\t<\/div>\n\t\t\t\t\t\t\t\t<\/div>\n\t\t\t\t<\/div>\n\t\t\t\t\t<\/div>\n\t\t<\/div>\n\t\t\t\t\t<\/div>\n\t\t<\/section>\n\t\t\t\t<div class=\"elementor-element elementor-element-73afb3c elementor-widget-divider--view-line elementor-widget elementor-widget-divider\" data-id=\"73afb3c\" data-element_type=\"widget\" data-e-type=\"widget\" data-widget_type=\"divider.default\">\n\t\t\t\t<div class=\"elementor-widget-container\">\n\t\t\t\t\t\t\t<div class=\"elementor-divider\">\n\t\t\t<span class=\"elementor-divider-separator\">\n\t\t\t\t\t\t<\/span>\n\t\t<\/div>\n\t\t\t\t\t\t<\/div>\n\t\t\t\t<\/div>\n\t\t\t\t<section class=\"elementor-section elementor-inner-section elementor-element elementor-element-2b4f545 elementor-section-boxed elementor-section-height-default elementor-section-height-default\" data-id=\"2b4f545\" data-element_type=\"section\" data-e-type=\"section\" data-settings=\"{&quot;background_background&quot;:&quot;classic&quot;}\">\n\t\t\t\t\t\t<div class=\"elementor-container elementor-column-gap-default\">\n\t\t\t\t\t<div class=\"elementor-column elementor-col-100 elementor-inner-column elementor-element elementor-element-56612c1\" data-id=\"56612c1\" data-element_type=\"column\" data-e-type=\"column\">\n\t\t\t<div class=\"elementor-widget-wrap elementor-element-populated\">\n\t\t\t\t\t\t<div class=\"elementor-element elementor-element-231922b elementor-widget elementor-widget-heading\" data-id=\"231922b\" data-element_type=\"widget\" data-e-type=\"widget\" data-widget_type=\"heading.default\">\n\t\t\t\t<div class=\"elementor-widget-container\">\n\t\t\t\t\t<span class=\"elementor-heading-title elementor-size-default\">Outil de recherche d\u2019appels d\u2019offres internationaux\n<\/span>\t\t\t\t<\/div>\n\t\t\t\t<\/div>\n\t\t\t\t<div class=\"elementor-element elementor-element-dd6a2d5 elementor-align-left elementor-widget elementor-widget-button\" data-id=\"dd6a2d5\" data-element_type=\"widget\" data-e-type=\"widget\" data-widget_type=\"button.default\">\n\t\t\t\t<div class=\"elementor-widget-container\">\n\t\t\t\t\t\t\t\t\t<div class=\"elementor-button-wrapper\">\n\t\t\t\t\t<a class=\"elementor-button elementor-button-link elementor-size-sm\" href=\"https:\/\/www.gbof.ca\/fr\/\" target=\"_blank\">\n\t\t\t\t\t\t<span class=\"elementor-button-content-wrapper\">\n\t\t\t\t\t\t\t\t\t<span class=\"elementor-button-text\">Rechercher des appels d\u2019offres maintenant<\/span>\n\t\t\t\t\t<\/span>\n\t\t\t\t\t<\/a>\n\t\t\t\t<\/div>\n\t\t\t\t\t\t\t\t<\/div>\n\t\t\t\t<\/div>\n\t\t\t\t\t<\/div>\n\t\t<\/div>\n\t\t\t\t\t<\/div>\n\t\t<\/section>\n\t\t\t\t\t<\/div>\n\t\t<\/div>\n\t\t\t\t\t<\/div>\n\t\t<\/section>\n\t\t\t\t<\/div>\n\t\t","protected":false},"excerpt":{"rendered":"<p>Le Cadre pour la conduite responsable des entreprises de la CCC d\u00e9finit notre engagement \u00e0 veiller \u00e0 ce que nous et les entreprises avec lesquelles nous travaillons exercions nos activit\u00e9s de mani\u00e8re responsable sur les plans environnemental, social et \u00e9thique au Canada et \u00e0 l\u2019\u00e9tranger. Qu\u2019est-ce que la conduite responsable des entreprises? La conduite responsable [&#8230;]<\/p>\n","protected":false},"author":5,"featured_media":32022,"parent":8179,"menu_order":1,"comment_status":"closed","ping_status":"closed","template":"","meta":{"_acf_changed":false,"content-type":"","_relevanssi_hide_post":"","_relevanssi_hide_content":"","_relevanssi_pin_for_all":"","_relevanssi_pin_keywords":"","_relevanssi_unpin_keywords":"","_relevanssi_related_keywords":"","_relevanssi_related_include_ids":"","_relevanssi_related_exclude_ids":"","_relevanssi_related_no_append":"","_relevanssi_related_not_related":"","_relevanssi_related_posts":"","_relevanssi_noindex_reason":"","footnotes":""},"class_list":["post-489","page","type-page","status-publish","has-post-thumbnail","hentry"],"acf":[],"yoast_head":"<!-- This site is optimized with the Yoast SEO Premium plugin v23.4 (Yoast SEO v27.4) - https:\/\/yoast.com\/product\/yoast-seo-premium-wordpress\/ -->\n<title>Engagement relatif \u00e0 la conduite responsable des entreprises - Canadian Commercial Corporation (CCC)<\/title>\n<meta name=\"robots\" content=\"index, follow, max-snippet:-1, max-image-preview:large, max-video-preview:-1\" \/>\n<link rel=\"canonical\" href=\"https:\/\/www.ccc.ca\/fr\/a-propos\/engagement-relatif-a-la-conduite-responsable-des-entreprises\/\" \/>\n<meta property=\"og:locale\" content=\"fr_CA\" \/>\n<meta property=\"og:type\" content=\"article\" \/>\n<meta property=\"og:title\" content=\"Engagement relatif \u00e0 la conduite responsable des entreprises\" \/>\n<meta property=\"og:description\" content=\"Le Cadre pour la conduite responsable des entreprises de la CCC d\u00e9finit notre engagement \u00e0 veiller \u00e0 ce que nous et les entreprises avec lesquelles nous travaillons exercions nos activit\u00e9s de mani\u00e8re responsable sur les plans environnemental, social et \u00e9thique au Canada et \u00e0 l\u2019\u00e9tranger. Qu\u2019est-ce que la conduite responsable des entreprises? La conduite responsable [...]\" \/>\n<meta property=\"og:url\" content=\"https:\/\/www.ccc.ca\/fr\/a-propos\/engagement-relatif-a-la-conduite-responsable-des-entreprises\/\" \/>\n<meta property=\"og:site_name\" content=\"Canadian Commercial Corporation (CCC)\" \/>\n<meta property=\"article:publisher\" content=\"https:\/\/www.facebook.com\/CanadianCommercialCorporation\/\" \/>\n<meta property=\"article:modified_time\" content=\"2025-02-11T19:08:12+00:00\" \/>\n<meta property=\"og:image\" content=\"https:\/\/www.ccc.ca\/wp-content\/uploads\/2023\/04\/header-photo-responsible-business-conduct.jpg\" \/>\n\t<meta property=\"og:image:width\" content=\"1254\" \/>\n\t<meta property=\"og:image:height\" content=\"836\" \/>\n\t<meta property=\"og:image:type\" content=\"image\/jpeg\" \/>\n<meta name=\"twitter:card\" content=\"summary_large_image\" \/>\n<meta name=\"twitter:site\" content=\"@CanComCorp\" \/>\n<meta name=\"twitter:label1\" content=\"Estimation du temps de lecture\" \/>\n\t<meta name=\"twitter:data1\" content=\"7 minutes\" \/>\n<script type=\"application\/ld+json\" class=\"yoast-schema-graph\">{\"@context\":\"https:\\\/\\\/schema.org\",\"@graph\":[{\"@type\":\"WebPage\",\"@id\":\"https:\\\/\\\/www.ccc.ca\\\/fr\\\/a-propos\\\/engagement-relatif-a-la-conduite-responsable-des-entreprises\\\/\",\"url\":\"https:\\\/\\\/www.ccc.ca\\\/fr\\\/a-propos\\\/engagement-relatif-a-la-conduite-responsable-des-entreprises\\\/\",\"name\":\"Engagement relatif \u00e0 la conduite responsable des entreprises - Canadian Commercial Corporation (CCC)\",\"isPartOf\":{\"@id\":\"https:\\\/\\\/www.ccc.ca\\\/fr\\\/#website\"},\"primaryImageOfPage\":{\"@id\":\"https:\\\/\\\/www.ccc.ca\\\/fr\\\/a-propos\\\/engagement-relatif-a-la-conduite-responsable-des-entreprises\\\/#primaryimage\"},\"image\":{\"@id\":\"https:\\\/\\\/www.ccc.ca\\\/fr\\\/a-propos\\\/engagement-relatif-a-la-conduite-responsable-des-entreprises\\\/#primaryimage\"},\"thumbnailUrl\":\"https:\\\/\\\/www.ccc.ca\\\/wp-content\\\/uploads\\\/2023\\\/04\\\/header-photo-responsible-business-conduct.jpg\",\"datePublished\":\"2019-05-24T16:33:09+00:00\",\"dateModified\":\"2025-02-11T19:08:12+00:00\",\"breadcrumb\":{\"@id\":\"https:\\\/\\\/www.ccc.ca\\\/fr\\\/a-propos\\\/engagement-relatif-a-la-conduite-responsable-des-entreprises\\\/#breadcrumb\"},\"inLanguage\":\"fr-CA\",\"potentialAction\":[{\"@type\":\"ReadAction\",\"target\":[\"https:\\\/\\\/www.ccc.ca\\\/fr\\\/a-propos\\\/engagement-relatif-a-la-conduite-responsable-des-entreprises\\\/\"]}]},{\"@type\":\"ImageObject\",\"inLanguage\":\"fr-CA\",\"@id\":\"https:\\\/\\\/www.ccc.ca\\\/fr\\\/a-propos\\\/engagement-relatif-a-la-conduite-responsable-des-entreprises\\\/#primaryimage\",\"url\":\"https:\\\/\\\/www.ccc.ca\\\/wp-content\\\/uploads\\\/2023\\\/04\\\/header-photo-responsible-business-conduct.jpg\",\"contentUrl\":\"https:\\\/\\\/www.ccc.ca\\\/wp-content\\\/uploads\\\/2023\\\/04\\\/header-photo-responsible-business-conduct.jpg\",\"width\":1254,\"height\":836},{\"@type\":\"BreadcrumbList\",\"@id\":\"https:\\\/\\\/www.ccc.ca\\\/fr\\\/a-propos\\\/engagement-relatif-a-la-conduite-responsable-des-entreprises\\\/#breadcrumb\",\"itemListElement\":[{\"@type\":\"ListItem\",\"position\":1,\"name\":\"Accueil\",\"item\":\"https:\\\/\\\/www.ccc.ca\\\/fr\\\/\"},{\"@type\":\"ListItem\",\"position\":2,\"name\":\"\u00c0 propos de nous\",\"item\":\"https:\\\/\\\/www.ccc.ca\\\/fr\\\/about\\\/\"},{\"@type\":\"ListItem\",\"position\":3,\"name\":\"Engagement relatif \u00e0 la conduite responsable des entreprises\"}]},{\"@type\":\"WebSite\",\"@id\":\"https:\\\/\\\/www.ccc.ca\\\/fr\\\/#website\",\"url\":\"https:\\\/\\\/www.ccc.ca\\\/fr\\\/\",\"name\":\"Canadian Commercial Corporation (CCC)\",\"description\":\"\",\"publisher\":{\"@id\":\"https:\\\/\\\/www.ccc.ca\\\/fr\\\/#organization\"},\"potentialAction\":[{\"@type\":\"SearchAction\",\"target\":{\"@type\":\"EntryPoint\",\"urlTemplate\":\"https:\\\/\\\/www.ccc.ca\\\/fr\\\/?s={search_term_string}\"},\"query-input\":{\"@type\":\"PropertyValueSpecification\",\"valueRequired\":true,\"valueName\":\"search_term_string\"}}],\"inLanguage\":\"fr-CA\"},{\"@type\":[\"Organization\",\"Place\"],\"@id\":\"https:\\\/\\\/www.ccc.ca\\\/fr\\\/#organization\",\"name\":\"The Canadian Commercial Corporation (CCC)\",\"url\":\"https:\\\/\\\/www.ccc.ca\\\/fr\\\/\",\"logo\":{\"@id\":\"https:\\\/\\\/www.ccc.ca\\\/fr\\\/a-propos\\\/engagement-relatif-a-la-conduite-responsable-des-entreprises\\\/#local-main-organization-logo\"},\"image\":{\"@id\":\"https:\\\/\\\/www.ccc.ca\\\/fr\\\/a-propos\\\/engagement-relatif-a-la-conduite-responsable-des-entreprises\\\/#local-main-organization-logo\"},\"sameAs\":[\"https:\\\/\\\/www.facebook.com\\\/CanadianCommercialCorporation\\\/\",\"https:\\\/\\\/x.com\\\/CanComCorp\",\"https:\\\/\\\/www.linkedin.com\\\/company\\\/canadian-commercial-corporation\\\/\"],\"address\":{\"@id\":\"https:\\\/\\\/www.ccc.ca\\\/fr\\\/a-propos\\\/engagement-relatif-a-la-conduite-responsable-des-entreprises\\\/#local-main-place-address\"},\"telephone\":[\"1-613-996-0034\",\"1-800-748-8191\"],\"contactPoint\":{\"@type\":\"ContactPoint\",\"telephone\":\"1-613-996-0034\",\"email\":\"communications@ccc.ca\"},\"openingHoursSpecification\":[{\"@type\":\"OpeningHoursSpecification\",\"dayOfWeek\":[\"Monday\",\"Tuesday\",\"Wednesday\",\"Thursday\",\"Friday\",\"Saturday\",\"Sunday\"],\"opens\":\"09:00\",\"closes\":\"17:00\"}]},{\"@type\":\"PostalAddress\",\"@id\":\"https:\\\/\\\/www.ccc.ca\\\/fr\\\/a-propos\\\/engagement-relatif-a-la-conduite-responsable-des-entreprises\\\/#local-main-place-address\",\"streetAddress\":\"350 Albert Street, Suite 1100\",\"addressLocality\":\"Ottawa\",\"postalCode\":\"K1A 0S6\",\"addressRegion\":\"Ontario\",\"addressCountry\":\"CA\"},{\"@type\":\"ImageObject\",\"inLanguage\":\"fr-CA\",\"@id\":\"https:\\\/\\\/www.ccc.ca\\\/fr\\\/a-propos\\\/engagement-relatif-a-la-conduite-responsable-des-entreprises\\\/#local-main-organization-logo\",\"url\":\"https:\\\/\\\/www.ccc.ca\\\/wp-content\\\/uploads\\\/2023\\\/05\\\/ccc-og.png\",\"contentUrl\":\"https:\\\/\\\/www.ccc.ca\\\/wp-content\\\/uploads\\\/2023\\\/05\\\/ccc-og.png\",\"width\":1200,\"height\":675,\"caption\":\"The Canadian Commercial Corporation (CCC)\"}]}<\/script>\n<meta name=\"geo.placename\" content=\"Ottawa\" \/>\n<meta name=\"geo.region\" content=\"Canada\" \/>\n<!-- \/ Yoast SEO Premium plugin. -->","yoast_head_json":{"title":"Engagement relatif \u00e0 la conduite responsable des entreprises - Canadian Commercial Corporation (CCC)","robots":{"index":"index","follow":"follow","max-snippet":"max-snippet:-1","max-image-preview":"max-image-preview:large","max-video-preview":"max-video-preview:-1"},"canonical":"https:\/\/www.ccc.ca\/fr\/a-propos\/engagement-relatif-a-la-conduite-responsable-des-entreprises\/","og_locale":"fr_CA","og_type":"article","og_title":"Engagement relatif \u00e0 la conduite responsable des entreprises","og_description":"Le Cadre pour la conduite responsable des entreprises de la CCC d\u00e9finit notre engagement \u00e0 veiller \u00e0 ce que nous et les entreprises avec lesquelles nous travaillons exercions nos activit\u00e9s de mani\u00e8re responsable sur les plans environnemental, social et \u00e9thique au Canada et \u00e0 l\u2019\u00e9tranger. Qu\u2019est-ce que la conduite responsable des entreprises? La conduite responsable [...]","og_url":"https:\/\/www.ccc.ca\/fr\/a-propos\/engagement-relatif-a-la-conduite-responsable-des-entreprises\/","og_site_name":"Canadian Commercial Corporation (CCC)","article_publisher":"https:\/\/www.facebook.com\/CanadianCommercialCorporation\/","article_modified_time":"2025-02-11T19:08:12+00:00","og_image":[{"width":1254,"height":836,"url":"https:\/\/www.ccc.ca\/wp-content\/uploads\/2023\/04\/header-photo-responsible-business-conduct.jpg","type":"image\/jpeg"}],"twitter_card":"summary_large_image","twitter_site":"@CanComCorp","twitter_misc":{"Estimation du temps de lecture":"7 minutes"},"schema":{"@context":"https:\/\/schema.org","@graph":[{"@type":"WebPage","@id":"https:\/\/www.ccc.ca\/fr\/a-propos\/engagement-relatif-a-la-conduite-responsable-des-entreprises\/","url":"https:\/\/www.ccc.ca\/fr\/a-propos\/engagement-relatif-a-la-conduite-responsable-des-entreprises\/","name":"Engagement relatif \u00e0 la conduite responsable des entreprises - Canadian Commercial Corporation (CCC)","isPartOf":{"@id":"https:\/\/www.ccc.ca\/fr\/#website"},"primaryImageOfPage":{"@id":"https:\/\/www.ccc.ca\/fr\/a-propos\/engagement-relatif-a-la-conduite-responsable-des-entreprises\/#primaryimage"},"image":{"@id":"https:\/\/www.ccc.ca\/fr\/a-propos\/engagement-relatif-a-la-conduite-responsable-des-entreprises\/#primaryimage"},"thumbnailUrl":"https:\/\/www.ccc.ca\/wp-content\/uploads\/2023\/04\/header-photo-responsible-business-conduct.jpg","datePublished":"2019-05-24T16:33:09+00:00","dateModified":"2025-02-11T19:08:12+00:00","breadcrumb":{"@id":"https:\/\/www.ccc.ca\/fr\/a-propos\/engagement-relatif-a-la-conduite-responsable-des-entreprises\/#breadcrumb"},"inLanguage":"fr-CA","potentialAction":[{"@type":"ReadAction","target":["https:\/\/www.ccc.ca\/fr\/a-propos\/engagement-relatif-a-la-conduite-responsable-des-entreprises\/"]}]},{"@type":"ImageObject","inLanguage":"fr-CA","@id":"https:\/\/www.ccc.ca\/fr\/a-propos\/engagement-relatif-a-la-conduite-responsable-des-entreprises\/#primaryimage","url":"https:\/\/www.ccc.ca\/wp-content\/uploads\/2023\/04\/header-photo-responsible-business-conduct.jpg","contentUrl":"https:\/\/www.ccc.ca\/wp-content\/uploads\/2023\/04\/header-photo-responsible-business-conduct.jpg","width":1254,"height":836},{"@type":"BreadcrumbList","@id":"https:\/\/www.ccc.ca\/fr\/a-propos\/engagement-relatif-a-la-conduite-responsable-des-entreprises\/#breadcrumb","itemListElement":[{"@type":"ListItem","position":1,"name":"Accueil","item":"https:\/\/www.ccc.ca\/fr\/"},{"@type":"ListItem","position":2,"name":"\u00c0 propos de nous","item":"https:\/\/www.ccc.ca\/fr\/about\/"},{"@type":"ListItem","position":3,"name":"Engagement relatif \u00e0 la conduite responsable des entreprises"}]},{"@type":"WebSite","@id":"https:\/\/www.ccc.ca\/fr\/#website","url":"https:\/\/www.ccc.ca\/fr\/","name":"Canadian Commercial Corporation (CCC)","description":"","publisher":{"@id":"https:\/\/www.ccc.ca\/fr\/#organization"},"potentialAction":[{"@type":"SearchAction","target":{"@type":"EntryPoint","urlTemplate":"https:\/\/www.ccc.ca\/fr\/?s={search_term_string}"},"query-input":{"@type":"PropertyValueSpecification","valueRequired":true,"valueName":"search_term_string"}}],"inLanguage":"fr-CA"},{"@type":["Organization","Place"],"@id":"https:\/\/www.ccc.ca\/fr\/#organization","name":"The Canadian Commercial Corporation (CCC)","url":"https:\/\/www.ccc.ca\/fr\/","logo":{"@id":"https:\/\/www.ccc.ca\/fr\/a-propos\/engagement-relatif-a-la-conduite-responsable-des-entreprises\/#local-main-organization-logo"},"image":{"@id":"https:\/\/www.ccc.ca\/fr\/a-propos\/engagement-relatif-a-la-conduite-responsable-des-entreprises\/#local-main-organization-logo"},"sameAs":["https:\/\/www.facebook.com\/CanadianCommercialCorporation\/","https:\/\/x.com\/CanComCorp","https:\/\/www.linkedin.com\/company\/canadian-commercial-corporation\/"],"address":{"@id":"https:\/\/www.ccc.ca\/fr\/a-propos\/engagement-relatif-a-la-conduite-responsable-des-entreprises\/#local-main-place-address"},"telephone":["1-613-996-0034","1-800-748-8191"],"contactPoint":{"@type":"ContactPoint","telephone":"1-613-996-0034","email":"communications@ccc.ca"},"openingHoursSpecification":[{"@type":"OpeningHoursSpecification","dayOfWeek":["Monday","Tuesday","Wednesday","Thursday","Friday","Saturday","Sunday"],"opens":"09:00","closes":"17:00"}]},{"@type":"PostalAddress","@id":"https:\/\/www.ccc.ca\/fr\/a-propos\/engagement-relatif-a-la-conduite-responsable-des-entreprises\/#local-main-place-address","streetAddress":"350 Albert Street, Suite 1100","addressLocality":"Ottawa","postalCode":"K1A 0S6","addressRegion":"Ontario","addressCountry":"CA"},{"@type":"ImageObject","inLanguage":"fr-CA","@id":"https:\/\/www.ccc.ca\/fr\/a-propos\/engagement-relatif-a-la-conduite-responsable-des-entreprises\/#local-main-organization-logo","url":"https:\/\/www.ccc.ca\/wp-content\/uploads\/2023\/05\/ccc-og.png","contentUrl":"https:\/\/www.ccc.ca\/wp-content\/uploads\/2023\/05\/ccc-og.png","width":1200,"height":675,"caption":"The Canadian Commercial Corporation (CCC)"}]},"geo.placename":"Ottawa","geo.region":"Canada"},"_links":{"self":[{"href":"https:\/\/www.ccc.ca\/fr\/wp-json\/wp\/v2\/pages\/489","targetHints":{"allow":["GET"]}}],"collection":[{"href":"https:\/\/www.ccc.ca\/fr\/wp-json\/wp\/v2\/pages"}],"about":[{"href":"https:\/\/www.ccc.ca\/fr\/wp-json\/wp\/v2\/types\/page"}],"author":[{"embeddable":true,"href":"https:\/\/www.ccc.ca\/fr\/wp-json\/wp\/v2\/users\/5"}],"replies":[{"embeddable":true,"href":"https:\/\/www.ccc.ca\/fr\/wp-json\/wp\/v2\/comments?post=489"}],"version-history":[{"count":0,"href":"https:\/\/www.ccc.ca\/fr\/wp-json\/wp\/v2\/pages\/489\/revisions"}],"up":[{"embeddable":true,"href":"https:\/\/www.ccc.ca\/fr\/wp-json\/wp\/v2\/pages\/8179"}],"wp:featuredmedia":[{"embeddable":true,"href":"https:\/\/www.ccc.ca\/fr\/wp-json\/wp\/v2\/media\/32022"}],"wp:attachment":[{"href":"https:\/\/www.ccc.ca\/fr\/wp-json\/wp\/v2\/media?parent=489"}],"curies":[{"name":"wp","href":"https:\/\/api.w.org\/{rel}","templated":true}]}}